{"id":3278,"date":"2024-01-29T22:25:24","date_gmt":"2024-01-29T13:25:24","guid":{"rendered":"https:\/\/goldenesrosenkreuz.ch\/?page_id=3278"},"modified":"2026-01-29T12:13:15","modified_gmt":"2026-01-29T11:13:15","slug":"centre-de-lausanne","status":"publish","type":"page","link":"https:\/\/goldenesrosenkreuz.ch\/fr\/centre-de-lausanne\/","title":{"rendered":"Centre de Lausanne"},"content":{"rendered":"<p><div class=\"fusion-fullwidth fullwidth-box fusion-builder-row-1 fusion-flex-container hundred-percent-fullwidth non-hundred-percent-height-scrolling\" style=\"--link_hover_color: var(--awb-color8);--link_color: var(--awb-color8);--awb-border-sizes-top:0px;--awb-border-sizes-bottom:0px;--awb-border-sizes-left:0px;--awb-border-sizes-right:0px;--awb-border-color:var(--awb-color3);--awb-border-radius-top-left:0px;--awb-border-radius-top-right:0px;--awb-border-radius-bottom-right:0px;--awb-border-radius-bottom-left:0px;--awb-padding-top:0px;--awb-padding-right:0px;--awb-padding-bottom:0px;--awb-padding-left:0px;--awb-margin-top:0px;--awb-margin-bottom:0px;--awb-background-color:var(--awb-custom_color_2);--awb-flex-wrap:wrap;\" ><div class=\"fusion-builder-row fusion-row fusion-flex-align-items-stretch fusion-flex-justify-content-center fusion-flex-content-wrap\" style=\"width:calc( 100% + 0px ) !important;max-width:calc( 100% + 0px ) !important;margin-left: calc(-0px \/ 2 );margin-right: calc(-0px \/ 2 );\"><div class=\"fusion-layout-column fusion_builder_column fusion-builder-column-0 fusion_builder_column_1_2 1_2 fusion-flex-column fusion-animated\" style=\"--awb-padding-top:54.45px;--awb-padding-right:4vw;--awb-padding-left:4vw;--awb-padding-top-medium:72px;--awb-padding-right-medium:50px;--awb-padding-bottom-medium:0px;--awb-padding-left-medium:50px;--awb-padding-right-small:30px;--awb-padding-left-small:30px;--awb-bg-size:cover;--awb-width-large:50%;--awb-margin-top-large:0px;--awb-spacing-right-large:calc( 0.036 * calc( 100% - 0 ) );--awb-margin-bottom-large:55px;--awb-spacing-left-large:0px;--awb-width-medium:100%;--awb-order-medium:1;--awb-spacing-right-medium:calc( 0.018 * calc( 100% - 0 ) );--awb-spacing-left-medium:0px;--awb-width-small:100%;--awb-order-small:1;--awb-spacing-right-small:calc( 0.018 * calc( 100% - 0 ) );--awb-spacing-left-small:0px;\" data-animationType=\"fadeInUp\" data-animationDuration=\"1.3\" data-animationOffset=\"top-into-view\"><div class=\"fusion-column-wrapper fusion-column-has-shadow fusion-flex-justify-content-flex-start fusion-content-layout-column\"><div class=\"fusion-title title fusion-title-1 fusion-title-text fusion-title-size-one\" style=\"--awb-text-color:var(--awb-color8);--awb-margin-top:10px;--awb-margin-top-small:10px;--awb-margin-bottom-small:10px;\"><div class=\"title-sep-container title-sep-container-left fusion-no-large-visibility fusion-no-medium-visibility fusion-no-small-visibility\"><div class=\"title-sep sep- sep-solid\" style=\"border-color:var(--awb-color3);\"><\/div><\/div><span class=\"awb-title-spacer fusion-no-large-visibility fusion-no-medium-visibility fusion-no-small-visibility\"><\/span><h1 class=\"fusion-title-heading title-heading-left fusion-responsive-typography-calculated\" style=\"margin:0;--fontSize:56;line-height:var(--awb-typography1-line-height);\">Centre de Lausanne<\/h1><span class=\"awb-title-spacer\"><\/span><div class=\"title-sep-container title-sep-container-right\"><div class=\"title-sep sep- sep-solid\" style=\"border-color:var(--awb-color3);\"><\/div><\/div><\/div><div class=\"fusion-text fusion-text-1 fusion-text-no-margin\" style=\"--awb-font-size:var(--awb-typography4-font-size);--awb-line-height:var(--awb-typography4-line-height);--awb-letter-spacing:var(--awb-typography4-letter-spacing);--awb-text-transform:var(--awb-typography4-text-transform);--awb-text-color:var(--awb-color8);--awb-margin-top:0px;--awb-margin-right:0px;--awb-margin-bottom:45px;--awb-margin-left:0px;--awb-text-font-family:var(--awb-typography4-font-family);--awb-text-font-weight:var(--awb-typography4-font-weight);--awb-text-font-style:var(--awb-typography4-font-style);\"><p>Bienvenue \u00e0 la Rose-Croix d\u2019Or \u00e0 Lausanne\u00a0!<\/p>\n<p>Un premier Centre fut cr\u00e9\u00e9 en 1970 au Chemin du Cap \u00e0 Lausanne. Puis suivirent deux autres lieux de travail, au Chemin du Martinet puis au Mont. Depuis 2016, le Centre r\u00e9gional de Lausanne se situe au nord de la ville, \u00e0 Cugy. Il regroupe les r\u00e9gions de Vaud et de Fribourg.<br \/>\nDes activit\u00e9s y sont r\u00e9guli\u00e8rement organis\u00e9es, comme : Des soir\u00e9es \u00e0 th\u00e8mes, des conf\u00e9rences, des soir\u00e9es d&rsquo;\u00e9change et de r\u00e9flexion sous forme de table ronde.<\/p>\n<\/div><\/div><\/div><div class=\"fusion-layout-column fusion_builder_column fusion-builder-column-1 fusion_builder_column_1_2 1_2 fusion-flex-column fusion-animated\" style=\"--awb-bg-position:center center;--awb-bg-size:cover;--awb-width-large:50%;--awb-margin-top-large:0px;--awb-spacing-right-large:0px;--awb-margin-bottom-large:55px;--awb-spacing-left-large:calc( 0.044 * calc( 100% - 0 ) );--awb-width-medium:100%;--awb-order-medium:0;--awb-spacing-right-medium:0px;--awb-margin-bottom-medium:0px;--awb-spacing-left-medium:calc( 0.02 * calc( 100% - 0 ) );--awb-width-small:100%;--awb-order-small:0;--awb-spacing-right-small:0px;--awb-margin-bottom-small:0px;--awb-spacing-left-small:0px;\" data-animationType=\"fadeInRight\" data-animationDuration=\"1.3\" data-animationOffset=\"top-into-view\"><div class=\"fusion-column-wrapper fusion-column-has-shadow fusion-flex-justify-content-flex-start fusion-content-layout-column\"><div class=\"fusion-image-element \" style=\"--awb-caption-title-font-family:var(--h2_typography-font-family);--awb-caption-title-font-weight:var(--h2_typography-font-weight);--awb-caption-title-font-style:var(--h2_typography-font-style);--awb-caption-title-size:var(--h2_typography-font-size);--awb-caption-title-transform:var(--h2_typography-text-transform);--awb-caption-title-line-height:var(--h2_typography-line-height);--awb-caption-title-letter-spacing:var(--h2_typography-letter-spacing);\"><span class=\" fusion-imageframe imageframe-none imageframe-1 hover-type-none\"><img decoding=\"async\" width=\"1152\" height=\"648\" alt=\"Le centre de Lausanne de la Rose Croix d&#039;Or\" title=\"Le centre de Lausanne de la Rose Croix d&rsquo;Or\" src=\"https:\/\/goldenesrosenkreuz.ch\/wp-content\/uploads\/2024\/03\/Le-centre-de-Lausanne-de-la-Rose-Croix-dOr.jpg\" data-orig-src=\"https:\/\/goldenesrosenkreuz.ch\/wp-content\/uploads\/2024\/03\/Le-centre-de-Lausanne-de-la-Rose-Croix-dOr.jpg\" class=\"lazyload img-responsive wp-image-3560\" srcset=\"data:image\/svg+xml,%3Csvg%20xmlns%3D%27http%3A%2F%2Fwww.w3.org%2F2000%2Fsvg%27%20width%3D%271152%27%20height%3D%27648%27%20viewBox%3D%270%200%201152%20648%27%3E%3Crect%20width%3D%271152%27%20height%3D%27648%27%20fill-opacity%3D%220%22%2F%3E%3C%2Fsvg%3E\" data-srcset=\"https:\/\/goldenesrosenkreuz.ch\/wp-content\/uploads\/2024\/03\/Le-centre-de-Lausanne-de-la-Rose-Croix-dOr-200x113.jpg 200w, https:\/\/goldenesrosenkreuz.ch\/wp-content\/uploads\/2024\/03\/Le-centre-de-Lausanne-de-la-Rose-Croix-dOr-400x225.jpg 400w, https:\/\/goldenesrosenkreuz.ch\/wp-content\/uploads\/2024\/03\/Le-centre-de-Lausanne-de-la-Rose-Croix-dOr-600x338.jpg 600w, https:\/\/goldenesrosenkreuz.ch\/wp-content\/uploads\/2024\/03\/Le-centre-de-Lausanne-de-la-Rose-Croix-dOr-800x450.jpg 800w, https:\/\/goldenesrosenkreuz.ch\/wp-content\/uploads\/2024\/03\/Le-centre-de-Lausanne-de-la-Rose-Croix-dOr.jpg 1152w\" data-sizes=\"auto\" data-orig-sizes=\"(max-width: 1024px) 100vw, (max-width: 640px) 100vw, 800px\" \/><\/span><\/div><\/div><\/div><\/div><\/div><div class=\"fusion-fullwidth fullwidth-box fusion-builder-row-2 fusion-flex-container has-pattern-background has-mask-background nonhundred-percent-fullwidth non-hundred-percent-height-scrolling\" style=\"--awb-border-radius-top-left:0px;--awb-border-radius-top-right:0px;--awb-border-radius-bottom-right:0px;--awb-border-radius-bottom-left:0px;--awb-padding-top:60px;--awb-padding-bottom:0px;--awb-padding-left-small:30px;--awb-margin-bottom:0px;--awb-background-color:var(--awb-custom_color_1);--awb-flex-wrap:wrap;\" ><div class=\"fusion-builder-row fusion-row fusion-flex-align-items-flex-start fusion-flex-content-wrap\" style=\"max-width:1331.2px;margin-left: calc(-4% \/ 2 );margin-right: calc(-4% \/ 2 );\"><div class=\"fusion-layout-column fusion_builder_column fusion-builder-column-2 fusion_builder_column_1_1 1_1 fusion-flex-column\" style=\"--awb-padding-top-small:0px;--awb-bg-size:cover;--awb-width-large:100%;--awb-margin-top-large:0px;--awb-spacing-right-large:1.92%;--awb-margin-bottom-large:0px;--awb-spacing-left-large:1.92%;--awb-width-medium:100%;--awb-order-medium:0;--awb-spacing-right-medium:1.92%;--awb-spacing-left-medium:1.92%;--awb-width-small:100%;--awb-order-small:0;--awb-margin-top-small:0px;--awb-spacing-right-small:1.92%;--awb-spacing-left-small:1.92%;\"><div class=\"fusion-column-wrapper fusion-column-has-shadow fusion-flex-justify-content-flex-start fusion-content-layout-column\"><div class=\"fusion-title title fusion-title-2 fusion-title-text fusion-title-size-two\" style=\"--awb-margin-bottom:10px;\"><div class=\"title-sep-container title-sep-container-left fusion-no-large-visibility fusion-no-medium-visibility fusion-no-small-visibility\"><div class=\"title-sep sep- sep-solid\" style=\"border-color:var(--awb-color3);\"><\/div><\/div><span class=\"awb-title-spacer fusion-no-large-visibility fusion-no-medium-visibility fusion-no-small-visibility\"><\/span><h2 class=\"fusion-title-heading title-heading-left fusion-responsive-typography-calculated\" style=\"margin:0;--fontSize:35;line-height:var(--awb-typography1-line-height);\">Contact<\/h2><span class=\"awb-title-spacer\"><\/span><div class=\"title-sep-container title-sep-container-right\"><div class=\"title-sep sep- sep-solid\" style=\"border-color:var(--awb-color3);\"><\/div><\/div><\/div><div class=\"fusion-text fusion-text-2\" style=\"--awb-content-alignment:left;\"><div>\n<p>Contactez-nous via ce formulaire de contact. Nous vous invitons \u00e0 nous rendre visite une fois.<\/p>\n<\/div>\n<\/div><\/div><\/div><\/div><\/div><div class=\"fusion-fullwidth fullwidth-box fusion-builder-row-3 fusion-flex-container nonhundred-percent-fullwidth non-hundred-percent-height-scrolling\" style=\"--link_hover_color: var(--awb-color5);--link_color: var(--awb-color5);--awb-border-sizes-top:0px;--awb-border-sizes-bottom:0px;--awb-border-sizes-left:0px;--awb-border-sizes-right:0px;--awb-border-color:var(--awb-color3);--awb-border-radius-top-left:0px;--awb-border-radius-top-right:0px;--awb-border-radius-bottom-right:0px;--awb-border-radius-bottom-left:0px;--awb-padding-top:0px;--awb-padding-right:30px;--awb-padding-bottom:70px;--awb-padding-left:30px;--awb-padding-top-medium:0px;--awb-padding-bottom-medium:20px;--awb-padding-top-small:0px;--awb-padding-right-small:30px;--awb-padding-bottom-small:0px;--awb-padding-left-small:30px;--awb-margin-top:0px;--awb-margin-bottom:0px;--awb-background-color:var(--awb-custom_color_1);--awb-flex-wrap:wrap;\" ><div class=\"fusion-builder-row fusion-row fusion-flex-align-items-stretch fusion-flex-content-wrap\" style=\"max-width:calc( 1280px + 15px );margin-left: calc(-15px \/ 2 );margin-right: calc(-15px \/ 2 );\"><div class=\"fusion-layout-column fusion_builder_column fusion-builder-column-3 fusion_builder_column_1_2 1_2 fusion-flex-column fusion-flex-align-self-stretch\" style=\"--awb-padding-top-small:20px;--awb-bg-size:cover;--awb-width-large:50%;--awb-margin-top-large:0px;--awb-spacing-right-large:calc( 0 * calc( 100% - 15px ) );--awb-margin-bottom-large:0px;--awb-spacing-left-large:7.5px;--awb-width-medium:50%;--awb-order-medium:0;--awb-spacing-right-medium:calc( 0 * calc( 100% - 15px ) );--awb-margin-bottom-medium:0px;--awb-spacing-left-medium:7.5px;--awb-width-small:100%;--awb-order-small:1;--awb-spacing-right-small:7.5px;--awb-margin-bottom-small:20px;--awb-spacing-left-small:7.5px;\"><div class=\"fusion-column-wrapper fusion-column-has-shadow fusion-flex-justify-content-flex-start fusion-content-layout-column\">\n<div class=\"wpcf7 no-js\" id=\"wpcf7-f3287-o1\" lang=\"fr-FR\" dir=\"ltr\" data-wpcf7-id=\"3287\">\n<div class=\"screen-reader-response\"><p role=\"status\" aria-live=\"polite\" aria-atomic=\"true\"><\/p> <ul><\/ul><\/div>\n<form action=\"\/fr\/wp-json\/wp\/v2\/pages\/3278#wpcf7-f3287-o1\" method=\"post\" class=\"wpcf7-form init wpcf7-acceptance-as-validation\" aria-label=\"Formulaire de contact\" novalidate=\"novalidate\" data-status=\"init\">\n<fieldset class=\"hidden-fields-container\"><input type=\"hidden\" name=\"_wpcf7\" value=\"3287\" \/><input type=\"hidden\" name=\"_wpcf7_version\" value=\"6.1.5\" \/><input type=\"hidden\" name=\"_wpcf7_locale\" value=\"fr_FR\" \/><input type=\"hidden\" name=\"_wpcf7_unit_tag\" value=\"wpcf7-f3287-o1\" \/><input type=\"hidden\" name=\"_wpcf7_container_post\" value=\"0\" \/><input type=\"hidden\" name=\"_wpcf7_posted_data_hash\" value=\"\" \/><input type=\"hidden\" name=\"_wpcf7_recaptcha_response\" value=\"\" \/>\n<\/fieldset>\n<p><label> Nom<br \/>\n<span class=\"wpcf7-form-control-wrap\" data-name=\"your-name\"><input size=\"40\" maxlength=\"400\" class=\"wpcf7-form-control wpcf7-text wpcf7-validates-as-required\" autocomplete=\"name\" aria-required=\"true\" aria-invalid=\"false\" value=\"\" type=\"text\" name=\"your-name\" \/><\/span> <\/label>\n<\/p>\n<p><label> Adresse \u00e9lectronique<br \/>\n<span class=\"wpcf7-form-control-wrap\" data-name=\"your-email\"><input size=\"40\" maxlength=\"400\" class=\"wpcf7-form-control wpcf7-email wpcf7-validates-as-required wpcf7-text wpcf7-validates-as-email\" autocomplete=\"email\" aria-required=\"true\" aria-invalid=\"false\" value=\"\" type=\"email\" name=\"your-email\" \/><\/span> <\/label>\n<\/p>\n<p><label> Message (facultatif)<br \/>\n<span class=\"wpcf7-form-control-wrap\" data-name=\"your-message\"><textarea cols=\"40\" rows=\"10\" maxlength=\"2000\" class=\"wpcf7-form-control wpcf7-textarea wpcf7-validates-as-required\" aria-required=\"true\" aria-invalid=\"false\" name=\"your-message\"><\/textarea><\/span> <\/label>\n<\/p>\n<p><span class=\"wpcf7-form-control-wrap\" data-name=\"acceptance-892\"><span class=\"wpcf7-form-control wpcf7-acceptance\"><span class=\"wpcf7-list-item\"><label><input type=\"checkbox\" name=\"acceptance-892\" value=\"1\" aria-invalid=\"false\" \/><span class=\"wpcf7-list-item-label\">Vous acceptez que vos donn\u00e9es soient utilis\u00e9es pour traiter votre demande. Vous trouverez de plus amples informations et des instructions de r\u00e9vocation dans la <a href=\"https:\/\/goldenesrosenkreuz.ch\/fr\/declaration-de-confidentialite\/\" target=\"_blank\">d\u00e9claration de protection des donn\u00e9es<\/a>.<\/span><\/label><\/span><\/span><\/span>\n<\/p>\n<p><input class=\"wpcf7-form-control wpcf7-submit has-spinner\" type=\"submit\" value=\"Envoyer\" \/>\n<\/p><div class=\"fusion-alert alert custom alert-custom fusion-alert-center wpcf7-response-output fusion-alert-capitalize awb-alert-native-link-color alert-dismissable awb-alert-close-boxed\" style=\"--awb-border-top-left-radius:0px;--awb-border-top-right-radius:0px;--awb-border-bottom-left-radius:0px;--awb-border-bottom-right-radius:0px;\" role=\"alert\"><div class=\"fusion-alert-content-wrapper\"><span class=\"fusion-alert-content\"><\/span><\/div><button type=\"button\" class=\"close toggle-alert\" data-dismiss=\"alert\" aria-label=\"Close\">&times;<\/button><\/div>\n<\/form>\n<\/div>\n<\/div><\/div><div class=\"fusion-layout-column fusion_builder_column fusion-builder-column-4 fusion_builder_column_1_2 1_2 fusion-flex-column fusion-flex-align-self-flex-start fusion-animated\" style=\"--awb-bg-size:cover;--awb-width-large:50%;--awb-margin-top-large:0px;--awb-spacing-right-large:7.5px;--awb-margin-bottom-large:0px;--awb-spacing-left-large:calc( 0.08 * calc( 100% - 15px ) );--awb-width-medium:50%;--awb-order-medium:1;--awb-spacing-right-medium:7.5px;--awb-spacing-left-medium:calc( 0.08 * calc( 100% - 15px ) );--awb-width-small:100%;--awb-order-small:0;--awb-spacing-right-small:7.5px;--awb-margin-bottom-small:20px;--awb-spacing-left-small:7.5px;\" data-animationType=\"fadeIn\" data-animationDuration=\"1.3\" data-animationOffset=\"top-into-view\"><div class=\"fusion-column-wrapper fusion-column-has-shadow fusion-flex-justify-content-flex-start fusion-content-layout-column\"><div style=\"--awb-margin-top:20px;--awb-popup-title-margin-bottom:0px;--awb-popup-title-alignment:center;\" class=\"awb-openstreet-map awb-openstreet-map-1\" data-map-style=\"osm-carto\" data-map-type=\"marker\" data-zoom=\"14\" data-zoomsnap=\"1\" data-zoomcontrol=\"1\" data-scrollwheelzoom=\"1\" data-dragging=\"1\" data-touchzoom=\"1\" data-dbclickzoom=\"1\" data-fitbounds=\"1\" data-shape-color=\"rgba(116,116,116,1)\" data-shape-weight=\"3\"><div class=\"awb-openstreet-map-marker awb-openstreet-map-marker-1\" data-latitude=\"46.5909185\" data-longitude=\"6.6469276\" data-icon=\"fa-map-marker-alt fas\" data-action=\"static_close_on\"><div class=\"awb-openstreet-map-marker-icon-wrapper\" style=\"\"><i class=\"fa-map-marker-alt fas\"><\/i><\/div><div class=\"awb-openstreet-map-content-wrapper\"><h5 class=\"awb-openstreet-map-marker-title\">Centre de Lausanne<\/h5><div class=\"awb-openstreet-map-marker-content\"><a href=\"https:\/\/maps.app.goo.gl\/kKQbpHWBE5rxX4316\" target=\"_blank\">Rte de Montheron 8C, 1053 Cugy (lien externe vers Google Maps)<\/a><\/div><\/div><\/div><\/div><\/div><\/div><\/div><\/div><div class=\"fusion-fullwidth fullwidth-box fusion-builder-row-4 fusion-flex-container has-pattern-background has-mask-background nonhundred-percent-fullwidth non-hundred-percent-height-scrolling\" style=\"--awb-border-radius-top-left:0px;--awb-border-radius-top-right:0px;--awb-border-radius-bottom-right:0px;--awb-border-radius-bottom-left:0px;--awb-padding-top:60px;--awb-padding-bottom:60px;--awb-flex-wrap:wrap;\" ><div class=\"fusion-builder-row fusion-row fusion-flex-align-items-flex-start fusion-flex-content-wrap\" style=\"max-width:1331.2px;margin-left: calc(-4% \/ 2 );margin-right: calc(-4% \/ 2 );\"><div class=\"fusion-layout-column fusion_builder_column fusion-builder-column-5 fusion_builder_column_1_1 1_1 fusion-flex-column\" style=\"--awb-bg-size:cover;--awb-width-large:100%;--awb-margin-top-large:0px;--awb-spacing-right-large:1.92%;--awb-margin-bottom-large:0px;--awb-spacing-left-large:1.92%;--awb-width-medium:100%;--awb-order-medium:0;--awb-spacing-right-medium:1.92%;--awb-spacing-left-medium:1.92%;--awb-width-small:100%;--awb-order-small:0;--awb-spacing-right-small:1.92%;--awb-spacing-left-small:1.92%;\"><div class=\"fusion-column-wrapper fusion-column-has-shadow fusion-flex-justify-content-flex-start fusion-content-layout-column\"><div class=\"fusion-title title fusion-title-3 fusion-title-text fusion-title-size-two\" style=\"--awb-margin-bottom:40px;--awb-margin-bottom-small:40px;\"><div class=\"title-sep-container title-sep-container-left fusion-no-large-visibility fusion-no-medium-visibility fusion-no-small-visibility\"><div class=\"title-sep sep- sep-solid\" style=\"border-color:var(--awb-color3);\"><\/div><\/div><span class=\"awb-title-spacer fusion-no-large-visibility fusion-no-medium-visibility fusion-no-small-visibility\"><\/span><h2 class=\"fusion-title-heading title-heading-left fusion-responsive-typography-calculated\" style=\"margin:0;--fontSize:35;line-height:var(--awb-typography1-line-height);\">\u00c9v\u00e9nements du centre de Lausanne<\/h2><span class=\"awb-title-spacer\"><\/span><div class=\"title-sep-container title-sep-container-right\"><div class=\"title-sep sep- sep-solid\" style=\"border-color:var(--awb-color3);\"><\/div><\/div><\/div><div class=\"fusion-events-shortcode fusion-events-shortcode-1\" style=\"margin-left: -7.5px;margin-right: -7.5px;\"><div class=\"fusion-events-wrapper\" data-pages=\"2\"><div class=\"fusion-events-post fusion-spacing-no fusion-one-fourth fusion-layout-column\" style=\"padding:7.5px\"><div class=\"fusion-column-wrapper\"><div class=\"fusion-events-thumbnail hover-type-zoomin\"><a href=\"https:\/\/goldenesrosenkreuz.ch\/fr\/event\/la-science-spirituelle-une-autre-approche-du-savoir\/\" class=\"url\" rel=\"bookmark\" aria-label=\"Module 5 &#8211; La science spirituelle &#8211; une autre approche du savoir\"><span class=\"tribe-events-event-image\" style=\"background-image: url(https:\/\/goldenesrosenkreuz.ch\/wp-content\/uploads\/2026\/01\/Module-5-La-science-spirituelle-une-autre-approche-du-savoir.jpg); -webkit-background-size: cover; background-size: cover; background-position: center center;\"><\/span><\/a><\/div><div class=\"fusion-events-content-wrapper\" style=\"padding:20px 20px 20px 20px;\"><div class=\"fusion-events-meta\"><h2><a href=\"https:\/\/goldenesrosenkreuz.ch\/fr\/event\/la-science-spirituelle-une-autre-approche-du-savoir\/\" class=\"url\" rel=\"bookmark\">Module 5 &#8211; La science spirituelle &#8211; une autre approche du savoir<\/a><\/h2><h4><span class=\"tribe-event-date-start\">28 avril @ 20:00<\/span> - <span class=\"tribe-event-time\">21:30<\/span><\/h4><\/div><\/div><\/div><\/div><div class=\"fusion-events-post fusion-spacing-no fusion-one-fourth fusion-layout-column\" style=\"padding:7.5px\"><div class=\"fusion-column-wrapper\"><div class=\"fusion-events-thumbnail hover-type-zoomin\"><a href=\"https:\/\/goldenesrosenkreuz.ch\/fr\/event\/l-eternite-et-le-temps\/\" class=\"url\" rel=\"bookmark\" aria-label=\"Module 6 &#8211; L&rsquo;\u00e9ternit\u00e9 et le temps\"><span class=\"tribe-events-event-image\" style=\"background-image: url(https:\/\/goldenesrosenkreuz.ch\/wp-content\/uploads\/2026\/01\/Module-6-Leternite-et-le-temps.jpg); -webkit-background-size: cover; background-size: cover; background-position: center center;\"><\/span><\/a><\/div><div class=\"fusion-events-content-wrapper\" style=\"padding:20px 20px 20px 20px;\"><div class=\"fusion-events-meta\"><h2><a href=\"https:\/\/goldenesrosenkreuz.ch\/fr\/event\/l-eternite-et-le-temps\/\" class=\"url\" rel=\"bookmark\">Module 6 &#8211; L&rsquo;\u00e9ternit\u00e9 et le temps<\/a><\/h2><h4><span class=\"tribe-event-date-start\">20 mai @ 20:00<\/span> - <span class=\"tribe-event-time\">21:30<\/span><\/h4><\/div><\/div><\/div><\/div><div class=\"fusion-events-post fusion-spacing-no fusion-one-fourth fusion-layout-column\" style=\"padding:7.5px\"><div class=\"fusion-column-wrapper\"><div class=\"fusion-events-thumbnail hover-type-zoomin\"><a href=\"https:\/\/goldenesrosenkreuz.ch\/fr\/event\/la-structure-invisible-de-letre-humain\/\" class=\"url\" rel=\"bookmark\" aria-label=\"S\u00e9minaire 7 : La structure invisible de l\u2019\u00eatre humain\"><span class=\"tribe-events-event-image\" style=\"background-image: url(https:\/\/goldenesrosenkreuz.ch\/wp-content\/uploads\/2026\/01\/Seminaire-7-La-structure-invisible-de-letre-humain.jpg); -webkit-background-size: cover; background-size: cover; background-position: center center;\"><\/span><\/a><\/div><div class=\"fusion-events-content-wrapper\" style=\"padding:20px 20px 20px 20px;\"><div class=\"fusion-events-meta\"><h2><a href=\"https:\/\/goldenesrosenkreuz.ch\/fr\/event\/la-structure-invisible-de-letre-humain\/\" class=\"url\" rel=\"bookmark\">S\u00e9minaire 7 : La structure invisible de l\u2019\u00eatre humain<\/a><\/h2><h4><span class=\"tribe-event-date-start\">9 juin @ 20:00<\/span> - <span class=\"tribe-event-time\">21:30<\/span><\/h4><\/div><\/div><\/div><\/div><div class=\"fusion-events-post fusion-spacing-no fusion-one-fourth fusion-layout-column fusion-column-last\" style=\"padding:7.5px\"><div class=\"fusion-column-wrapper\"><div class=\"fusion-events-thumbnail hover-type-zoomin\"><a href=\"https:\/\/goldenesrosenkreuz.ch\/fr\/event\/seminaire-8-la-construction-du-triple-temple\/\" class=\"url\" rel=\"bookmark\" aria-label=\"S\u00e9minaire 8 : La construction du triple Temple\"><span class=\"tribe-events-event-image\" style=\"background-image: url(https:\/\/goldenesrosenkreuz.ch\/wp-content\/uploads\/2026\/01\/Seminaire-8-La-construction-du-triple-Temple.jpg); -webkit-background-size: cover; background-size: cover; background-position: center center;\"><\/span><\/a><\/div><div class=\"fusion-events-content-wrapper\" style=\"padding:20px 20px 20px 20px;\"><div class=\"fusion-events-meta\"><h2><a href=\"https:\/\/goldenesrosenkreuz.ch\/fr\/event\/seminaire-8-la-construction-du-triple-temple\/\" class=\"url\" rel=\"bookmark\">S\u00e9minaire 8 : La construction du triple Temple<\/a><\/h2><h4><span class=\"tribe-event-date-start\">23 septembre @ 20:00<\/span> - <span class=\"tribe-event-time\">21:30<\/span><\/h4><\/div><\/div><\/div><\/div><div class=\"fusion-clearfix\"><\/div><div class=\"fusion-events-post fusion-spacing-no fusion-one-fourth fusion-layout-column\" style=\"padding:7.5px\"><div class=\"fusion-column-wrapper\"><div class=\"fusion-events-thumbnail hover-type-zoomin\"><a href=\"https:\/\/goldenesrosenkreuz.ch\/fr\/event\/l-arbre-de-la-connaissance-et-larbre-de-vie\/\" class=\"url\" rel=\"bookmark\" aria-label=\"Module 9 &#8211; L&rsquo;arbre de la connaissance et l&rsquo;arbre de vie\"><span class=\"tribe-events-event-image\" style=\"background-image: url(https:\/\/goldenesrosenkreuz.ch\/wp-content\/uploads\/2026\/01\/Module-9-Larbre-de-la-connaissance-et-larbre-de-vie.jpg); -webkit-background-size: cover; background-size: cover; background-position: center center;\"><\/span><\/a><\/div><div class=\"fusion-events-content-wrapper\" style=\"padding:20px 20px 20px 20px;\"><div class=\"fusion-events-meta\"><h2><a href=\"https:\/\/goldenesrosenkreuz.ch\/fr\/event\/l-arbre-de-la-connaissance-et-larbre-de-vie\/\" class=\"url\" rel=\"bookmark\">Module 9 &#8211; L&rsquo;arbre de la connaissance et l&rsquo;arbre de vie<\/a><\/h2><h4><span class=\"tribe-event-date-start\">13 octobre @ 20:00<\/span> - <span class=\"tribe-event-time\">21:30<\/span><\/h4><\/div><\/div><\/div><\/div><div class=\"fusion-events-post fusion-spacing-no fusion-one-fourth fusion-layout-column\" style=\"padding:7.5px\"><div class=\"fusion-column-wrapper\"><div class=\"fusion-events-thumbnail hover-type-zoomin\"><a href=\"https:\/\/goldenesrosenkreuz.ch\/fr\/event\/de-la-foi-a-la-connaissance-vivante\/\" class=\"url\" rel=\"bookmark\" aria-label=\"Module 10 &#8211; De la Foi \u00e0 la Connaissance Vivante\"><span class=\"tribe-events-event-image\" style=\"background-image: url(https:\/\/goldenesrosenkreuz.ch\/wp-content\/uploads\/2026\/01\/Module-10-De-la-Foi-a-la-Connaissance-Vivante.jpg); -webkit-background-size: cover; background-size: cover; background-position: center center;\"><\/span><\/a><\/div><div class=\"fusion-events-content-wrapper\" style=\"padding:20px 20px 20px 20px;\"><div class=\"fusion-events-meta\"><h2><a href=\"https:\/\/goldenesrosenkreuz.ch\/fr\/event\/de-la-foi-a-la-connaissance-vivante\/\" class=\"url\" rel=\"bookmark\">Module 10 &#8211; De la Foi \u00e0 la Connaissance Vivante<\/a><\/h2><h4><span class=\"tribe-event-date-start\">4 novembre @ 20:00<\/span> - <span class=\"tribe-event-time\">21:30<\/span><\/h4><\/div><\/div><\/div><\/div><div class=\"fusion-clearfix\"><\/div><\/div><\/div><\/div><\/div><\/div><\/div><\/p>\n","protected":false},"excerpt":{"rendered":"","protected":false},"author":5,"featured_media":0,"parent":0,"menu_order":0,"comment_status":"closed","ping_status":"closed","template":"100-width.php","meta":{"iawp_total_views":694,"footnotes":""},"class_list":["post-3278","page","type-page","status-publish","hentry","cat_centre-de-lausanne","cat_conferences-publiques"],"yoast_head":"<!-- This site is optimized with the Yoast SEO plugin v27.0 - https:\/\/yoast.com\/product\/yoast-seo-wordpress\/ -->\n<title>Centre de Lausanne - La Rose Croix d&#039;Or<\/title>\n<meta name=\"description\" content=\"Bienvenue au centre de la Rose-Croix d&#039;Or \u00e0 Lausanne. Ce premier centre fut cr\u00e9\u00e9 en 1970 au Chemin du Cap \u00e0 Lausanne.\" \/>\n<meta name=\"robots\" content=\"index, follow, max-snippet:-1, max-image-preview:large, max-video-preview:-1\" \/>\n<link rel=\"canonical\" href=\"https:\/\/goldenesrosenkreuz.ch\/fr\/centre-de-lausanne\/\" \/>\n<meta property=\"og:locale\" content=\"fr_FR\" \/>\n<meta property=\"og:type\" content=\"article\" \/>\n<meta property=\"og:title\" content=\"Centre de Lausanne - La Rose Croix d&#039;Or\" \/>\n<meta property=\"og:description\" content=\"Bienvenue au centre de la Rose-Croix d&#039;Or \u00e0 Lausanne. Ce premier centre fut cr\u00e9\u00e9 en 1970 au Chemin du Cap \u00e0 Lausanne.\" \/>\n<meta property=\"og:url\" content=\"https:\/\/goldenesrosenkreuz.ch\/fr\/centre-de-lausanne\/\" \/>\n<meta property=\"og:site_name\" content=\"Goldenes Rosenkreuz\" \/>\n<meta property=\"article:modified_time\" content=\"2026-01-29T11:13:15+00:00\" \/>\n<meta name=\"twitter:card\" content=\"summary_large_image\" \/>\n<meta name=\"twitter:label1\" content=\"Dur\u00e9e de lecture estim\u00e9e\" \/>\n\t<meta name=\"twitter:data1\" content=\"1 minute\" \/>\n<script type=\"application\/ld+json\" class=\"yoast-schema-graph\">{\"@context\":\"https:\/\/schema.org\",\"@graph\":[{\"@type\":\"WebPage\",\"@id\":\"https:\/\/goldenesrosenkreuz.ch\/fr\/centre-de-lausanne\/\",\"url\":\"https:\/\/goldenesrosenkreuz.ch\/fr\/centre-de-lausanne\/\",\"name\":\"Centre de Lausanne - La Rose Croix d'Or\",\"isPartOf\":{\"@id\":\"https:\/\/goldenesrosenkreuz.ch\/fr\/#website\"},\"datePublished\":\"2024-01-29T13:25:24+00:00\",\"dateModified\":\"2026-01-29T11:13:15+00:00\",\"description\":\"Bienvenue au centre de la Rose-Croix d'Or \u00e0 Lausanne. Ce premier centre fut cr\u00e9\u00e9 en 1970 au Chemin du Cap \u00e0 Lausanne.\",\"breadcrumb\":{\"@id\":\"https:\/\/goldenesrosenkreuz.ch\/fr\/centre-de-lausanne\/#breadcrumb\"},\"inLanguage\":\"fr-FR\",\"potentialAction\":[{\"@type\":\"ReadAction\",\"target\":[\"https:\/\/goldenesrosenkreuz.ch\/fr\/centre-de-lausanne\/\"]}]},{\"@type\":\"BreadcrumbList\",\"@id\":\"https:\/\/goldenesrosenkreuz.ch\/fr\/centre-de-lausanne\/#breadcrumb\",\"itemListElement\":[{\"@type\":\"ListItem\",\"position\":1,\"name\":\"Startseite\",\"item\":\"https:\/\/goldenesrosenkreuz.ch\/fr\/\"},{\"@type\":\"ListItem\",\"position\":2,\"name\":\"Centre de Lausanne\"}]},{\"@type\":\"WebSite\",\"@id\":\"https:\/\/goldenesrosenkreuz.ch\/fr\/#website\",\"url\":\"https:\/\/goldenesrosenkreuz.ch\/fr\/\",\"name\":\"Goldenes Rosenkreuz\",\"description\":\"Gnosis heute\",\"publisher\":{\"@id\":\"https:\/\/goldenesrosenkreuz.ch\/fr\/#organization\"},\"potentialAction\":[{\"@type\":\"SearchAction\",\"target\":{\"@type\":\"EntryPoint\",\"urlTemplate\":\"https:\/\/goldenesrosenkreuz.ch\/fr\/?s={search_term_string}\"},\"query-input\":{\"@type\":\"PropertyValueSpecification\",\"valueRequired\":true,\"valueName\":\"search_term_string\"}}],\"inLanguage\":\"fr-FR\"},{\"@type\":\"Organization\",\"@id\":\"https:\/\/goldenesrosenkreuz.ch\/fr\/#organization\",\"name\":\"Goldenes Rosenkreuz Schweiz\",\"url\":\"https:\/\/goldenesrosenkreuz.ch\/fr\/\",\"logo\":{\"@type\":\"ImageObject\",\"inLanguage\":\"fr-FR\",\"@id\":\"https:\/\/goldenesrosenkreuz.ch\/fr\/#\/schema\/logo\/image\/\",\"url\":\"https:\/\/goldenesrosenkreuz.ch\/wp-content\/uploads\/2022\/12\/favicon-196x196-3.png\",\"contentUrl\":\"https:\/\/goldenesrosenkreuz.ch\/wp-content\/uploads\/2022\/12\/favicon-196x196-3.png\",\"width\":196,\"height\":196,\"caption\":\"Goldenes Rosenkreuz Schweiz\"},\"image\":{\"@id\":\"https:\/\/goldenesrosenkreuz.ch\/fr\/#\/schema\/logo\/image\/\"}}]}<\/script>\n<!-- \/ Yoast SEO plugin. -->","yoast_head_json":{"title":"Centre de Lausanne - La Rose Croix d'Or","description":"Bienvenue au centre de la Rose-Croix d'Or \u00e0 Lausanne. Ce premier centre fut cr\u00e9\u00e9 en 1970 au Chemin du Cap \u00e0 Lausanne.","robots":{"index":"index","follow":"follow","max-snippet":"max-snippet:-1","max-image-preview":"max-image-preview:large","max-video-preview":"max-video-preview:-1"},"canonical":"https:\/\/goldenesrosenkreuz.ch\/fr\/centre-de-lausanne\/","og_locale":"fr_FR","og_type":"article","og_title":"Centre de Lausanne - La Rose Croix d'Or","og_description":"Bienvenue au centre de la Rose-Croix d'Or \u00e0 Lausanne. Ce premier centre fut cr\u00e9\u00e9 en 1970 au Chemin du Cap \u00e0 Lausanne.","og_url":"https:\/\/goldenesrosenkreuz.ch\/fr\/centre-de-lausanne\/","og_site_name":"Goldenes Rosenkreuz","article_modified_time":"2026-01-29T11:13:15+00:00","twitter_card":"summary_large_image","twitter_misc":{"Dur\u00e9e de lecture estim\u00e9e":"1 minute"},"schema":{"@context":"https:\/\/schema.org","@graph":[{"@type":"WebPage","@id":"https:\/\/goldenesrosenkreuz.ch\/fr\/centre-de-lausanne\/","url":"https:\/\/goldenesrosenkreuz.ch\/fr\/centre-de-lausanne\/","name":"Centre de Lausanne - La Rose Croix d'Or","isPartOf":{"@id":"https:\/\/goldenesrosenkreuz.ch\/fr\/#website"},"datePublished":"2024-01-29T13:25:24+00:00","dateModified":"2026-01-29T11:13:15+00:00","description":"Bienvenue au centre de la Rose-Croix d'Or \u00e0 Lausanne. Ce premier centre fut cr\u00e9\u00e9 en 1970 au Chemin du Cap \u00e0 Lausanne.","breadcrumb":{"@id":"https:\/\/goldenesrosenkreuz.ch\/fr\/centre-de-lausanne\/#breadcrumb"},"inLanguage":"fr-FR","potentialAction":[{"@type":"ReadAction","target":["https:\/\/goldenesrosenkreuz.ch\/fr\/centre-de-lausanne\/"]}]},{"@type":"BreadcrumbList","@id":"https:\/\/goldenesrosenkreuz.ch\/fr\/centre-de-lausanne\/#breadcrumb","itemListElement":[{"@type":"ListItem","position":1,"name":"Startseite","item":"https:\/\/goldenesrosenkreuz.ch\/fr\/"},{"@type":"ListItem","position":2,"name":"Centre de Lausanne"}]},{"@type":"WebSite","@id":"https:\/\/goldenesrosenkreuz.ch\/fr\/#website","url":"https:\/\/goldenesrosenkreuz.ch\/fr\/","name":"Goldenes Rosenkreuz","description":"Gnosis heute","publisher":{"@id":"https:\/\/goldenesrosenkreuz.ch\/fr\/#organization"},"potentialAction":[{"@type":"SearchAction","target":{"@type":"EntryPoint","urlTemplate":"https:\/\/goldenesrosenkreuz.ch\/fr\/?s={search_term_string}"},"query-input":{"@type":"PropertyValueSpecification","valueRequired":true,"valueName":"search_term_string"}}],"inLanguage":"fr-FR"},{"@type":"Organization","@id":"https:\/\/goldenesrosenkreuz.ch\/fr\/#organization","name":"Goldenes Rosenkreuz Schweiz","url":"https:\/\/goldenesrosenkreuz.ch\/fr\/","logo":{"@type":"ImageObject","inLanguage":"fr-FR","@id":"https:\/\/goldenesrosenkreuz.ch\/fr\/#\/schema\/logo\/image\/","url":"https:\/\/goldenesrosenkreuz.ch\/wp-content\/uploads\/2022\/12\/favicon-196x196-3.png","contentUrl":"https:\/\/goldenesrosenkreuz.ch\/wp-content\/uploads\/2022\/12\/favicon-196x196-3.png","width":196,"height":196,"caption":"Goldenes Rosenkreuz Schweiz"},"image":{"@id":"https:\/\/goldenesrosenkreuz.ch\/fr\/#\/schema\/logo\/image\/"}}]}},"_links":{"self":[{"href":"https:\/\/goldenesrosenkreuz.ch\/fr\/wp-json\/wp\/v2\/pages\/3278","targetHints":{"allow":["GET"]}}],"collection":[{"href":"https:\/\/goldenesrosenkreuz.ch\/fr\/wp-json\/wp\/v2\/pages"}],"about":[{"href":"https:\/\/goldenesrosenkreuz.ch\/fr\/wp-json\/wp\/v2\/types\/page"}],"author":[{"embeddable":true,"href":"https:\/\/goldenesrosenkreuz.ch\/fr\/wp-json\/wp\/v2\/users\/5"}],"replies":[{"embeddable":true,"href":"https:\/\/goldenesrosenkreuz.ch\/fr\/wp-json\/wp\/v2\/comments?post=3278"}],"version-history":[{"count":1,"href":"https:\/\/goldenesrosenkreuz.ch\/fr\/wp-json\/wp\/v2\/pages\/3278\/revisions"}],"predecessor-version":[{"id":4641,"href":"https:\/\/goldenesrosenkreuz.ch\/fr\/wp-json\/wp\/v2\/pages\/3278\/revisions\/4641"}],"wp:attachment":[{"href":"https:\/\/goldenesrosenkreuz.ch\/fr\/wp-json\/wp\/v2\/media?parent=3278"}],"curies":[{"name":"wp","href":"https:\/\/api.w.org\/{rel}","templated":true}]}}