{"id":4104,"date":"2025-01-30T03:36:26","date_gmt":"2025-01-30T02:36:26","guid":{"rendered":"https:\/\/goldenesrosenkreuz.ch\/?post_type=tribe_events&#038;p=4104"},"modified":"2025-01-30T03:48:05","modified_gmt":"2025-01-30T02:48:05","slug":"la-reine-des-neiges","status":"publish","type":"tribe_events","link":"https:\/\/goldenesrosenkreuz.ch\/fr\/event\/la-reine-des-neiges\/","title":{"rendered":"Pr\u00e9sentation du livre audio \u00ab La Reine des Neiges \u00bb"},"content":{"rendered":"<p><strong>Le dimanche 9 f\u00e9vrier 2025 \u00e0 17h00<\/strong>, la librairie Pentagramme du Centre de Conf\u00e9rences Catharose de Petri propose une pr\u00e9sentation du livre audio \u00ab La Reine des Neiges \u00bb, conte original de Hans Christian Andersen, compos\u00e9 par Jean Froidevaux et illustr\u00e9 par Biborka Bertaux, avec exposition des illustrations.<\/p>\n<p>Le m\u00e9rite de ce petit chef-d\u2019\u0153uvre revient essentiellement au compositeur Jean Froidevaux qui a su s\u2019entourer de plusieurs artistes de talent. L\u2019illustratrice B\u00edborka Bertaux a \u00e9t\u00e9 enthousiasm\u00e9e par le conte ; elle met en relief avec art et d\u00e9licatesse tous les moments-cl\u00e9s de cette histoire fantastique. Les deux narratrices, Cynthia Alcalay pour la langue fran\u00e7aise et Nicky Baker pour l\u2019anglais, tiennent l\u2019auditeur en haleine, tout au long des diff\u00e9rentes p\u00e9rip\u00e9ties.<\/p>\n<p>Sarah Velasco au violon, Joachim Forlani \u00e0 la clarinette et Guillaume Geny \u00e0 la guitare, tous trois musiciens professionnels, interpr\u00e8tent avec brio les sept compositions de Jean Froidevaux, comment\u00e9es de mani\u00e8re ludique.<\/p>\n<p>La palme revient cependant \u00e0 Hans Christian Andersen, romancier, dramaturge et po\u00e8te danois qui devint c\u00e9l\u00e8bre pour ses contes pour enfants. Il se d\u00e9fendit de les avoir \u00e9crits uniquement pour les enfants et avec raison, car ses textes s\u2019adressent d\u2019abord \u00e0 l\u2019\u00e2me qui, elle, est intemporelle.<\/p>\n<p>Le conte commence par la confection d\u2019un miroir mal\u00e9fique par un bien vilain troll qui a aussi cr\u00e9\u00e9 une \u00e9cole des trolls. Ses apprentis sorciers, en voulant s\u2019\u00e9lever vers le ciel avec le miroir, le laissent \u00e9chapper de leurs mains. L\u2019objet se brise en milliards de morceaux et provoque une grande pagaille sur toute la terre. L\u2019histoire ne nous dit pas si les trolls sont commandit\u00e9s par la Reine des Neiges, mais il semble bien qu\u2019ils soient de m\u00e8che, car leurs actions visent le m\u00eame objectif : endurcir le c\u0153ur et brouiller la raison des \u00eatres humains.<\/p>\n<p>Cependant, si certains enfants et adultes sont la proie de ces puissances mal\u00e9fiques, une force pure habite le c\u0153ur de Gerda, la jeune et valeureuse h\u00e9ro\u00efne de l\u2019histoire. C\u2019est elle qui bravera tous les dangers pour retrouver et d\u00e9livrer son ami Kay, prisonnier de la Reine des Neiges. Lors de l\u2019apr\u00e8s-midi du 9 f\u00e9vrier, le compositeur et l\u2019illustratrice vous emm\u00e8neront plus loin et plus profond\u00e9ment dans l\u2019histoire, en paroles, en images et en musique. Vous aurez aussi la possibilit\u00e9 de d\u00e9couvrir les autres publications de Jean Froidevaux, ainsi que le large assortiment de la librairie Pentagramme.<\/p>\n<p>&#8211; Entr\u00e9e libre-<\/p>\n","protected":false},"excerpt":{"rendered":"<p>Le dimanche 9 f\u00e9vrier 2025 \u00e0 17h00, la librairie Pentagramme du Centre de Conf\u00e9rences Catharose de Petri propose une pr\u00e9sentation du livre audio \u00ab La Reine des Neiges \u00bb, conte original de Hans Christian Andersen, compos\u00e9 par Jean Froidevaux et illustr\u00e9 par Biborka Bertaux, avec exposition des illustrations. Le m\u00e9rite de ce petit chef-d\u2019\u0153uvre revient essentiellement au compositeur Jean Froidevaux qui a su s\u2019entourer de plusieurs artistes de talent. L\u2019illustratrice B\u00edborka Bertaux a \u00e9t\u00e9 enthousiasm\u00e9e par le conte ; elle met en relief avec art et d\u00e9licatesse tous les moments-cl\u00e9s de cette histoire fantastique. Les deux narratrices, Cynthia Alcalay pour<\/p>\n","protected":false},"author":5,"featured_media":3016,"template":"","meta":{"_tribe_events_status":"","_tribe_events_status_reason":"","footnotes":""},"tags":[],"tribe_events_cat":[109,76],"class_list":["post-4104","tribe_events","type-tribe_events","status-publish","has-post-thumbnail","hentry","tribe_events_cat-centre-de-conferences-de-caux","tribe_events_cat-conferences-publiques","cat_centre-de-conferences-de-caux","cat_conferences-publiques"],"yoast_head":"<!-- This site is optimized with the Yoast SEO plugin v27.0 - https:\/\/yoast.com\/product\/yoast-seo-wordpress\/ -->\n<title>Pr\u00e9sentation du livre audio \u00ab La Reine des Neiges \u00bb - Goldenes Rosenkreuz<\/title>\n<meta name=\"description\" content=\"D\u00e9couvrez le livre audio \u00ab La Reine des Neiges \u00bb, un conte enchanteur qui vous transporte dans un univers magique de glace et d\u2019aventure.\" \/>\n<meta name=\"robots\" content=\"index, follow, max-snippet:-1, max-image-preview:large, max-video-preview:-1\" \/>\n<link rel=\"canonical\" href=\"https:\/\/goldenesrosenkreuz.ch\/fr\/event\/la-reine-des-neiges\/\" \/>\n<meta property=\"og:locale\" content=\"fr_FR\" \/>\n<meta property=\"og:type\" content=\"article\" \/>\n<meta property=\"og:title\" content=\"Pr\u00e9sentation du livre audio \u00ab La Reine des Neiges \u00bb - Goldenes Rosenkreuz\" \/>\n<meta property=\"og:description\" content=\"D\u00e9couvrez le livre audio \u00ab La Reine des Neiges \u00bb, un conte enchanteur qui vous transporte dans un univers magique de glace et d\u2019aventure.\" \/>\n<meta property=\"og:url\" content=\"https:\/\/goldenesrosenkreuz.ch\/fr\/event\/la-reine-des-neiges\/\" \/>\n<meta property=\"og:site_name\" content=\"Goldenes Rosenkreuz\" \/>\n<meta property=\"article:modified_time\" content=\"2025-01-30T02:48:05+00:00\" \/>\n<meta property=\"og:image\" content=\"https:\/\/goldenesrosenkreuz.ch\/wp-content\/uploads\/2023\/06\/P1070177.jpg\" \/>\n\t<meta property=\"og:image:width\" content=\"2308\" \/>\n\t<meta property=\"og:image:height\" content=\"1400\" \/>\n\t<meta property=\"og:image:type\" content=\"image\/jpeg\" \/>\n<meta name=\"twitter:card\" content=\"summary_large_image\" \/>\n<meta name=\"twitter:label1\" content=\"Dur\u00e9e de lecture estim\u00e9e\" \/>\n\t<meta name=\"twitter:data1\" content=\"2 minutes\" \/>\n<script type=\"application\/ld+json\" class=\"yoast-schema-graph\">{\"@context\":\"https:\/\/schema.org\",\"@graph\":[{\"@type\":\"WebPage\",\"@id\":\"https:\/\/goldenesrosenkreuz.ch\/fr\/event\/la-reine-des-neiges\/\",\"url\":\"https:\/\/goldenesrosenkreuz.ch\/fr\/event\/la-reine-des-neiges\/\",\"name\":\"Pr\u00e9sentation du livre audio \u00ab La Reine des Neiges \u00bb - Goldenes Rosenkreuz\",\"isPartOf\":{\"@id\":\"https:\/\/goldenesrosenkreuz.ch\/fr\/#website\"},\"primaryImageOfPage\":{\"@id\":\"https:\/\/goldenesrosenkreuz.ch\/fr\/event\/la-reine-des-neiges\/#primaryimage\"},\"image\":{\"@id\":\"https:\/\/goldenesrosenkreuz.ch\/fr\/event\/la-reine-des-neiges\/#primaryimage\"},\"thumbnailUrl\":\"https:\/\/goldenesrosenkreuz.ch\/wp-content\/uploads\/2023\/06\/P1070177.jpg\",\"datePublished\":\"2025-01-30T02:36:26+00:00\",\"dateModified\":\"2025-01-30T02:48:05+00:00\",\"description\":\"D\u00e9couvrez le livre audio \u00ab La Reine des Neiges \u00bb, un conte enchanteur qui vous transporte dans un univers magique de glace et d\u2019aventure.\",\"breadcrumb\":{\"@id\":\"https:\/\/goldenesrosenkreuz.ch\/fr\/event\/la-reine-des-neiges\/#breadcrumb\"},\"inLanguage\":\"fr-FR\",\"potentialAction\":[{\"@type\":\"ReadAction\",\"target\":[\"https:\/\/goldenesrosenkreuz.ch\/fr\/event\/la-reine-des-neiges\/\"]}]},{\"@type\":\"ImageObject\",\"inLanguage\":\"fr-FR\",\"@id\":\"https:\/\/goldenesrosenkreuz.ch\/fr\/event\/la-reine-des-neiges\/#primaryimage\",\"url\":\"https:\/\/goldenesrosenkreuz.ch\/wp-content\/uploads\/2023\/06\/P1070177.jpg\",\"contentUrl\":\"https:\/\/goldenesrosenkreuz.ch\/wp-content\/uploads\/2023\/06\/P1070177.jpg\",\"width\":2308,\"height\":1400},{\"@type\":\"BreadcrumbList\",\"@id\":\"https:\/\/goldenesrosenkreuz.ch\/fr\/event\/la-reine-des-neiges\/#breadcrumb\",\"itemListElement\":[{\"@type\":\"ListItem\",\"position\":1,\"name\":\"Startseite\",\"item\":\"https:\/\/goldenesrosenkreuz.ch\/fr\/\"},{\"@type\":\"ListItem\",\"position\":2,\"name\":\"\u00c9v\u00e8nements\",\"item\":\"https:\/\/goldenesrosenkreuz.ch\/fr\/events\/\"},{\"@type\":\"ListItem\",\"position\":3,\"name\":\"Pr\u00e9sentation du livre audio \u00ab La Reine des Neiges \u00bb\"}]},{\"@type\":\"WebSite\",\"@id\":\"https:\/\/goldenesrosenkreuz.ch\/fr\/#website\",\"url\":\"https:\/\/goldenesrosenkreuz.ch\/fr\/\",\"name\":\"Goldenes Rosenkreuz\",\"description\":\"Gnosis heute\",\"publisher\":{\"@id\":\"https:\/\/goldenesrosenkreuz.ch\/fr\/#organization\"},\"potentialAction\":[{\"@type\":\"SearchAction\",\"target\":{\"@type\":\"EntryPoint\",\"urlTemplate\":\"https:\/\/goldenesrosenkreuz.ch\/fr\/?s={search_term_string}\"},\"query-input\":{\"@type\":\"PropertyValueSpecification\",\"valueRequired\":true,\"valueName\":\"search_term_string\"}}],\"inLanguage\":\"fr-FR\"},{\"@type\":\"Organization\",\"@id\":\"https:\/\/goldenesrosenkreuz.ch\/fr\/#organization\",\"name\":\"Goldenes Rosenkreuz Schweiz\",\"url\":\"https:\/\/goldenesrosenkreuz.ch\/fr\/\",\"logo\":{\"@type\":\"ImageObject\",\"inLanguage\":\"fr-FR\",\"@id\":\"https:\/\/goldenesrosenkreuz.ch\/fr\/#\/schema\/logo\/image\/\",\"url\":\"https:\/\/goldenesrosenkreuz.ch\/wp-content\/uploads\/2022\/12\/favicon-196x196-3.png\",\"contentUrl\":\"https:\/\/goldenesrosenkreuz.ch\/wp-content\/uploads\/2022\/12\/favicon-196x196-3.png\",\"width\":196,\"height\":196,\"caption\":\"Goldenes Rosenkreuz Schweiz\"},\"image\":{\"@id\":\"https:\/\/goldenesrosenkreuz.ch\/fr\/#\/schema\/logo\/image\/\"}}]}<\/script>\n<!-- \/ Yoast SEO plugin. -->","yoast_head_json":{"title":"Pr\u00e9sentation du livre audio \u00ab La Reine des Neiges \u00bb - Goldenes Rosenkreuz","description":"D\u00e9couvrez le livre audio \u00ab La Reine des Neiges \u00bb, un conte enchanteur qui vous transporte dans un univers magique de glace et d\u2019aventure.","robots":{"index":"index","follow":"follow","max-snippet":"max-snippet:-1","max-image-preview":"max-image-preview:large","max-video-preview":"max-video-preview:-1"},"canonical":"https:\/\/goldenesrosenkreuz.ch\/fr\/event\/la-reine-des-neiges\/","og_locale":"fr_FR","og_type":"article","og_title":"Pr\u00e9sentation du livre audio \u00ab La Reine des Neiges \u00bb - Goldenes Rosenkreuz","og_description":"D\u00e9couvrez le livre audio \u00ab La Reine des Neiges \u00bb, un conte enchanteur qui vous transporte dans un univers magique de glace et d\u2019aventure.","og_url":"https:\/\/goldenesrosenkreuz.ch\/fr\/event\/la-reine-des-neiges\/","og_site_name":"Goldenes Rosenkreuz","article_modified_time":"2025-01-30T02:48:05+00:00","og_image":[{"width":2308,"height":1400,"url":"https:\/\/goldenesrosenkreuz.ch\/wp-content\/uploads\/2023\/06\/P1070177.jpg","type":"image\/jpeg"}],"twitter_card":"summary_large_image","twitter_misc":{"Dur\u00e9e de lecture estim\u00e9e":"2 minutes"},"schema":{"@context":"https:\/\/schema.org","@graph":[{"@type":"WebPage","@id":"https:\/\/goldenesrosenkreuz.ch\/fr\/event\/la-reine-des-neiges\/","url":"https:\/\/goldenesrosenkreuz.ch\/fr\/event\/la-reine-des-neiges\/","name":"Pr\u00e9sentation du livre audio \u00ab La Reine des Neiges \u00bb - Goldenes Rosenkreuz","isPartOf":{"@id":"https:\/\/goldenesrosenkreuz.ch\/fr\/#website"},"primaryImageOfPage":{"@id":"https:\/\/goldenesrosenkreuz.ch\/fr\/event\/la-reine-des-neiges\/#primaryimage"},"image":{"@id":"https:\/\/goldenesrosenkreuz.ch\/fr\/event\/la-reine-des-neiges\/#primaryimage"},"thumbnailUrl":"https:\/\/goldenesrosenkreuz.ch\/wp-content\/uploads\/2023\/06\/P1070177.jpg","datePublished":"2025-01-30T02:36:26+00:00","dateModified":"2025-01-30T02:48:05+00:00","description":"D\u00e9couvrez le livre audio \u00ab La Reine des Neiges \u00bb, un conte enchanteur qui vous transporte dans un univers magique de glace et d\u2019aventure.","breadcrumb":{"@id":"https:\/\/goldenesrosenkreuz.ch\/fr\/event\/la-reine-des-neiges\/#breadcrumb"},"inLanguage":"fr-FR","potentialAction":[{"@type":"ReadAction","target":["https:\/\/goldenesrosenkreuz.ch\/fr\/event\/la-reine-des-neiges\/"]}]},{"@type":"ImageObject","inLanguage":"fr-FR","@id":"https:\/\/goldenesrosenkreuz.ch\/fr\/event\/la-reine-des-neiges\/#primaryimage","url":"https:\/\/goldenesrosenkreuz.ch\/wp-content\/uploads\/2023\/06\/P1070177.jpg","contentUrl":"https:\/\/goldenesrosenkreuz.ch\/wp-content\/uploads\/2023\/06\/P1070177.jpg","width":2308,"height":1400},{"@type":"BreadcrumbList","@id":"https:\/\/goldenesrosenkreuz.ch\/fr\/event\/la-reine-des-neiges\/#breadcrumb","itemListElement":[{"@type":"ListItem","position":1,"name":"Startseite","item":"https:\/\/goldenesrosenkreuz.ch\/fr\/"},{"@type":"ListItem","position":2,"name":"\u00c9v\u00e8nements","item":"https:\/\/goldenesrosenkreuz.ch\/fr\/events\/"},{"@type":"ListItem","position":3,"name":"Pr\u00e9sentation du livre audio \u00ab La Reine des Neiges \u00bb"}]},{"@type":"WebSite","@id":"https:\/\/goldenesrosenkreuz.ch\/fr\/#website","url":"https:\/\/goldenesrosenkreuz.ch\/fr\/","name":"Goldenes Rosenkreuz","description":"Gnosis heute","publisher":{"@id":"https:\/\/goldenesrosenkreuz.ch\/fr\/#organization"},"potentialAction":[{"@type":"SearchAction","target":{"@type":"EntryPoint","urlTemplate":"https:\/\/goldenesrosenkreuz.ch\/fr\/?s={search_term_string}"},"query-input":{"@type":"PropertyValueSpecification","valueRequired":true,"valueName":"search_term_string"}}],"inLanguage":"fr-FR"},{"@type":"Organization","@id":"https:\/\/goldenesrosenkreuz.ch\/fr\/#organization","name":"Goldenes Rosenkreuz Schweiz","url":"https:\/\/goldenesrosenkreuz.ch\/fr\/","logo":{"@type":"ImageObject","inLanguage":"fr-FR","@id":"https:\/\/goldenesrosenkreuz.ch\/fr\/#\/schema\/logo\/image\/","url":"https:\/\/goldenesrosenkreuz.ch\/wp-content\/uploads\/2022\/12\/favicon-196x196-3.png","contentUrl":"https:\/\/goldenesrosenkreuz.ch\/wp-content\/uploads\/2022\/12\/favicon-196x196-3.png","width":196,"height":196,"caption":"Goldenes Rosenkreuz Schweiz"},"image":{"@id":"https:\/\/goldenesrosenkreuz.ch\/fr\/#\/schema\/logo\/image\/"}}]}},"_links":{"self":[{"href":"https:\/\/goldenesrosenkreuz.ch\/fr\/wp-json\/wp\/v2\/tribe_events\/4104","targetHints":{"allow":["GET"]}}],"collection":[{"href":"https:\/\/goldenesrosenkreuz.ch\/fr\/wp-json\/wp\/v2\/tribe_events"}],"about":[{"href":"https:\/\/goldenesrosenkreuz.ch\/fr\/wp-json\/wp\/v2\/types\/tribe_events"}],"author":[{"embeddable":true,"href":"https:\/\/goldenesrosenkreuz.ch\/fr\/wp-json\/wp\/v2\/users\/5"}],"version-history":[{"count":0,"href":"https:\/\/goldenesrosenkreuz.ch\/fr\/wp-json\/wp\/v2\/tribe_events\/4104\/revisions"}],"wp:featuredmedia":[{"embeddable":true,"href":"https:\/\/goldenesrosenkreuz.ch\/fr\/wp-json\/wp\/v2\/media\/3016"}],"wp:attachment":[{"href":"https:\/\/goldenesrosenkreuz.ch\/fr\/wp-json\/wp\/v2\/media?parent=4104"}],"wp:term":[{"taxonomy":"post_tag","embeddable":true,"href":"https:\/\/goldenesrosenkreuz.ch\/fr\/wp-json\/wp\/v2\/tags?post=4104"},{"taxonomy":"tribe_events_cat","embeddable":true,"href":"https:\/\/goldenesrosenkreuz.ch\/fr\/wp-json\/wp\/v2\/tribe_events_cat?post=4104"}],"curies":[{"name":"wp","href":"https:\/\/api.w.org\/{rel}","templated":true}]}}