{"id":4177,"date":"2026-01-29T10:40:12","date_gmt":"2026-01-29T09:40:12","guid":{"rendered":"https:\/\/goldenesrosenkreuz.ch\/?post_type=tribe_events&#038;p=4177"},"modified":"2026-01-29T10:40:12","modified_gmt":"2026-01-29T09:40:12","slug":"seminaire-3-decouvrez-les-secrets-de-la-sagesse-eternelle","status":"publish","type":"tribe_events","link":"https:\/\/goldenesrosenkreuz.ch\/fr\/event\/seminaire-3-decouvrez-les-secrets-de-la-sagesse-eternelle\/","title":{"rendered":"Module 3 : D\u00e9couvrez les Secrets de la Sagesse \u00c9ternelle"},"content":{"rendered":"<h3><span lang=\"FR-CH\">R\u00e9sum\u00e9 du s\u00e9minaire 3:<\/span><\/h3>\n<p>L\u2019univers suit des lois pr\u00e9cises, et ces m\u00eames lois r\u00e9gissent aussi l\u2019\u00eatre humain. Tout comme la Terre avec son \u00e9corce solide, ses oc\u00e9ans et son atmosph\u00e8re, l\u2019\u00eatre humain poss\u00e8de un corps physique, une vitalit\u00e9 fluide et une sph\u00e8re \u00e9nerg\u00e9tique qui l\u2019enveloppe. Mais au-del\u00e0 de cette structure visible, une r\u00e9alit\u00e9 plus vaste se dessine.<\/p>\n<p>Chaque individu vit \u00e0 l\u2019int\u00e9rieur d\u2019un microcosme, une sph\u00e8re invisible qui agit comme un filtre entre lui et le monde ext\u00e9rieur. Tout ce qui entre dans cette bulle doit r\u00e9sonner avec son \u00e9tat int\u00e9rieur, traversant une barri\u00e8re subtile, comparable \u00e0 l\u2019ionosph\u00e8re terrestre. Ce processus conditionne les influences que nous recevons et d\u00e9termine ce qui peut nous atteindre, sur le plan mat\u00e9riel comme spirituel.<\/p>\n<p>L\u2019influence du cosmos ne s\u2019arr\u00eate pas l\u00e0. Depuis l\u2019aube des civilisations, des sciences telles que l\u2019astrologie et l\u2019alchimie explorent la relation intime entre les plan\u00e8tes et notre propre constitution. Les m\u00e9taux pr\u00e9sents en nous r\u00e9agissent aux \u00e9nergies c\u00e9lestes, et notre perception du monde d\u00e9pend directement de ce que notre conscience est capable de capter. Ainsi, bien des r\u00e9alit\u00e9s demeurent imperceptibles simplement parce qu\u2019elles ne trouvent aucun \u00e9cho en nous.<\/p>\n<p>Pourtant, tout autour de nous, d\u2019autres formes de vie \u00e9voluent sur des fr\u00e9quences diff\u00e9rentes. Comme un poisson qui ne per\u00e7oit pas le monde terrestre, l\u2019humain, limit\u00e9 par ses filtres sensoriels et mentaux, ne peut saisir l\u2019existence de ces autres plans. Mais si l\u2019homme est une miniature de l\u2019univers, alors il d\u00e9tient en lui les cl\u00e9s pour en percer les myst\u00e8res.<\/p>\n<p>Le cheminement int\u00e9rieur ne consiste pas seulement \u00e0 accumuler des connaissances ext\u00e9rieures. Ce qui r\u00e9sonne profond\u00e9ment en nous, ce qui fait \u00e9cho \u00e0 une m\u00e9moire int\u00e9rieure enfouie, seul cela peut r\u00e9ellement \u00e9veiller notre conscience. Chaque d\u00e9couverte, chaque enseignement ext\u00e9rieur n\u2019est utile que s\u2019il active une connaissance d\u00e9j\u00e0 latente, pr\u00eate \u00e0 \u00e9merger.<\/p>\n<p>Tout ce processus converge vers un point essentiel : le Verbe cr\u00e9ateur, cette force primordiale qui sous-tend toute existence. Pr\u00e9sent au c\u0153ur de l\u2019univers, il r\u00e9side aussi en nous. L\u2019explorer, c\u2019est renouer avec la v\u00e9ritable lumi\u00e8re, celle qui \u00e9claire notre nature profonde et ouvre la voie vers une compr\u00e9hension plus vaste de l\u2019existence.<\/p>\n<p>&nbsp;<\/p>\n<div class=\"yj6qo\"><\/div>\n<div class=\"adL\">\n<div><\/div>\n<\/div>\n","protected":false},"excerpt":{"rendered":"<p>R\u00e9sum\u00e9 du s\u00e9minaire 3: L\u2019univers suit des lois pr\u00e9cises, et ces m\u00eames lois r\u00e9gissent aussi l\u2019\u00eatre humain. Tout comme la Terre avec son \u00e9corce solide, ses oc\u00e9ans et son atmosph\u00e8re, l\u2019\u00eatre humain poss\u00e8de un corps physique, une vitalit\u00e9 fluide et une sph\u00e8re \u00e9nerg\u00e9tique qui l\u2019enveloppe. Mais au-del\u00e0 de cette structure visible, une r\u00e9alit\u00e9 plus vaste se dessine. Chaque individu vit \u00e0 l\u2019int\u00e9rieur d\u2019un microcosme, une sph\u00e8re invisible qui agit comme un filtre entre lui et le monde ext\u00e9rieur. Tout ce qui entre dans cette bulle doit r\u00e9sonner avec son \u00e9tat int\u00e9rieur, traversant une barri\u00e8re subtile, comparable \u00e0 l\u2019ionosph\u00e8re terrestre. Ce<\/p>\n","protected":false},"author":5,"featured_media":4112,"template":"","meta":{"_tribe_events_status":"","_tribe_events_status_reason":"","footnotes":""},"tags":[],"tribe_events_cat":[111,76],"class_list":["post-4177","tribe_events","type-tribe_events","status-publish","has-post-thumbnail","hentry","tribe_events_cat-centre-de-lausanne","tribe_events_cat-conferences-publiques","cat_centre-de-lausanne","cat_conferences-publiques"],"yoast_head":"<!-- This site is optimized with the Yoast SEO plugin v27.0 - https:\/\/yoast.com\/product\/yoast-seo-wordpress\/ -->\n<title>Module 3 : D\u00e9couvrez les Secrets de la Sagesse \u00c9ternelle - Goldenes Rosenkreuz<\/title>\n<meta name=\"description\" content=\"D\u00e9couvrez votre lien avec l\u2019univers et les forces qui vous influencent. Un s\u00e9minaire pour \u00e9largir votre vision.\" \/>\n<meta name=\"robots\" content=\"index, follow, max-snippet:-1, max-image-preview:large, max-video-preview:-1\" \/>\n<link rel=\"canonical\" href=\"https:\/\/goldenesrosenkreuz.ch\/fr\/event\/seminaire-3-decouvrez-les-secrets-de-la-sagesse-eternelle\/\" \/>\n<meta property=\"og:locale\" content=\"fr_FR\" \/>\n<meta property=\"og:type\" content=\"article\" \/>\n<meta property=\"og:title\" content=\"Module 3 : D\u00e9couvrez les Secrets de la Sagesse \u00c9ternelle - Goldenes Rosenkreuz\" \/>\n<meta property=\"og:description\" content=\"D\u00e9couvrez votre lien avec l\u2019univers et les forces qui vous influencent. Un s\u00e9minaire pour \u00e9largir votre vision.\" \/>\n<meta property=\"og:url\" content=\"https:\/\/goldenesrosenkreuz.ch\/fr\/event\/seminaire-3-decouvrez-les-secrets-de-la-sagesse-eternelle\/\" \/>\n<meta property=\"og:site_name\" content=\"Goldenes Rosenkreuz\" \/>\n<meta property=\"og:image\" content=\"https:\/\/goldenesrosenkreuz.ch\/wp-content\/uploads\/2025\/01\/Decouvrez-les-Secrets-de-la-Sagesse-Eternelle-2-1.jpg\" \/>\n\t<meta property=\"og:image:width\" content=\"1920\" \/>\n\t<meta property=\"og:image:height\" content=\"1080\" \/>\n\t<meta property=\"og:image:type\" content=\"image\/jpeg\" \/>\n<meta name=\"twitter:card\" content=\"summary_large_image\" \/>\n<meta name=\"twitter:label1\" content=\"Dur\u00e9e de lecture estim\u00e9e\" \/>\n\t<meta name=\"twitter:data1\" content=\"3 minutes\" \/>\n<script type=\"application\/ld+json\" class=\"yoast-schema-graph\">{\"@context\":\"https:\/\/schema.org\",\"@graph\":[{\"@type\":\"WebPage\",\"@id\":\"https:\/\/goldenesrosenkreuz.ch\/fr\/event\/seminaire-3-decouvrez-les-secrets-de-la-sagesse-eternelle\/\",\"url\":\"https:\/\/goldenesrosenkreuz.ch\/fr\/event\/seminaire-3-decouvrez-les-secrets-de-la-sagesse-eternelle\/\",\"name\":\"Module 3 : D\u00e9couvrez les Secrets de la Sagesse \u00c9ternelle - Goldenes Rosenkreuz\",\"isPartOf\":{\"@id\":\"https:\/\/goldenesrosenkreuz.ch\/fr\/#website\"},\"primaryImageOfPage\":{\"@id\":\"https:\/\/goldenesrosenkreuz.ch\/fr\/event\/seminaire-3-decouvrez-les-secrets-de-la-sagesse-eternelle\/#primaryimage\"},\"image\":{\"@id\":\"https:\/\/goldenesrosenkreuz.ch\/fr\/event\/seminaire-3-decouvrez-les-secrets-de-la-sagesse-eternelle\/#primaryimage\"},\"thumbnailUrl\":\"https:\/\/goldenesrosenkreuz.ch\/wp-content\/uploads\/2025\/01\/Decouvrez-les-Secrets-de-la-Sagesse-Eternelle-2-1.jpg\",\"datePublished\":\"2026-01-29T09:40:12+00:00\",\"description\":\"D\u00e9couvrez votre lien avec l\u2019univers et les forces qui vous influencent. Un s\u00e9minaire pour \u00e9largir votre vision.\",\"breadcrumb\":{\"@id\":\"https:\/\/goldenesrosenkreuz.ch\/fr\/event\/seminaire-3-decouvrez-les-secrets-de-la-sagesse-eternelle\/#breadcrumb\"},\"inLanguage\":\"fr-FR\",\"potentialAction\":[{\"@type\":\"ReadAction\",\"target\":[\"https:\/\/goldenesrosenkreuz.ch\/fr\/event\/seminaire-3-decouvrez-les-secrets-de-la-sagesse-eternelle\/\"]}]},{\"@type\":\"ImageObject\",\"inLanguage\":\"fr-FR\",\"@id\":\"https:\/\/goldenesrosenkreuz.ch\/fr\/event\/seminaire-3-decouvrez-les-secrets-de-la-sagesse-eternelle\/#primaryimage\",\"url\":\"https:\/\/goldenesrosenkreuz.ch\/wp-content\/uploads\/2025\/01\/Decouvrez-les-Secrets-de-la-Sagesse-Eternelle-2-1.jpg\",\"contentUrl\":\"https:\/\/goldenesrosenkreuz.ch\/wp-content\/uploads\/2025\/01\/Decouvrez-les-Secrets-de-la-Sagesse-Eternelle-2-1.jpg\",\"width\":1920,\"height\":1080},{\"@type\":\"BreadcrumbList\",\"@id\":\"https:\/\/goldenesrosenkreuz.ch\/fr\/event\/seminaire-3-decouvrez-les-secrets-de-la-sagesse-eternelle\/#breadcrumb\",\"itemListElement\":[{\"@type\":\"ListItem\",\"position\":1,\"name\":\"Startseite\",\"item\":\"https:\/\/goldenesrosenkreuz.ch\/fr\/\"},{\"@type\":\"ListItem\",\"position\":2,\"name\":\"\u00c9v\u00e8nements\",\"item\":\"https:\/\/goldenesrosenkreuz.ch\/fr\/events\/\"},{\"@type\":\"ListItem\",\"position\":3,\"name\":\"Module 3 : D\u00e9couvrez les Secrets de la Sagesse \u00c9ternelle\"}]},{\"@type\":\"WebSite\",\"@id\":\"https:\/\/goldenesrosenkreuz.ch\/fr\/#website\",\"url\":\"https:\/\/goldenesrosenkreuz.ch\/fr\/\",\"name\":\"Goldenes Rosenkreuz\",\"description\":\"Gnosis heute\",\"publisher\":{\"@id\":\"https:\/\/goldenesrosenkreuz.ch\/fr\/#organization\"},\"potentialAction\":[{\"@type\":\"SearchAction\",\"target\":{\"@type\":\"EntryPoint\",\"urlTemplate\":\"https:\/\/goldenesrosenkreuz.ch\/fr\/?s={search_term_string}\"},\"query-input\":{\"@type\":\"PropertyValueSpecification\",\"valueRequired\":true,\"valueName\":\"search_term_string\"}}],\"inLanguage\":\"fr-FR\"},{\"@type\":\"Organization\",\"@id\":\"https:\/\/goldenesrosenkreuz.ch\/fr\/#organization\",\"name\":\"Goldenes Rosenkreuz Schweiz\",\"url\":\"https:\/\/goldenesrosenkreuz.ch\/fr\/\",\"logo\":{\"@type\":\"ImageObject\",\"inLanguage\":\"fr-FR\",\"@id\":\"https:\/\/goldenesrosenkreuz.ch\/fr\/#\/schema\/logo\/image\/\",\"url\":\"https:\/\/goldenesrosenkreuz.ch\/wp-content\/uploads\/2022\/12\/favicon-196x196-3.png\",\"contentUrl\":\"https:\/\/goldenesrosenkreuz.ch\/wp-content\/uploads\/2022\/12\/favicon-196x196-3.png\",\"width\":196,\"height\":196,\"caption\":\"Goldenes Rosenkreuz Schweiz\"},\"image\":{\"@id\":\"https:\/\/goldenesrosenkreuz.ch\/fr\/#\/schema\/logo\/image\/\"}}]}<\/script>\n<!-- \/ Yoast SEO plugin. -->","yoast_head_json":{"title":"Module 3 : D\u00e9couvrez les Secrets de la Sagesse \u00c9ternelle - Goldenes Rosenkreuz","description":"D\u00e9couvrez votre lien avec l\u2019univers et les forces qui vous influencent. Un s\u00e9minaire pour \u00e9largir votre vision.","robots":{"index":"index","follow":"follow","max-snippet":"max-snippet:-1","max-image-preview":"max-image-preview:large","max-video-preview":"max-video-preview:-1"},"canonical":"https:\/\/goldenesrosenkreuz.ch\/fr\/event\/seminaire-3-decouvrez-les-secrets-de-la-sagesse-eternelle\/","og_locale":"fr_FR","og_type":"article","og_title":"Module 3 : D\u00e9couvrez les Secrets de la Sagesse \u00c9ternelle - Goldenes Rosenkreuz","og_description":"D\u00e9couvrez votre lien avec l\u2019univers et les forces qui vous influencent. Un s\u00e9minaire pour \u00e9largir votre vision.","og_url":"https:\/\/goldenesrosenkreuz.ch\/fr\/event\/seminaire-3-decouvrez-les-secrets-de-la-sagesse-eternelle\/","og_site_name":"Goldenes Rosenkreuz","og_image":[{"width":1920,"height":1080,"url":"https:\/\/goldenesrosenkreuz.ch\/wp-content\/uploads\/2025\/01\/Decouvrez-les-Secrets-de-la-Sagesse-Eternelle-2-1.jpg","type":"image\/jpeg"}],"twitter_card":"summary_large_image","twitter_misc":{"Dur\u00e9e de lecture estim\u00e9e":"3 minutes"},"schema":{"@context":"https:\/\/schema.org","@graph":[{"@type":"WebPage","@id":"https:\/\/goldenesrosenkreuz.ch\/fr\/event\/seminaire-3-decouvrez-les-secrets-de-la-sagesse-eternelle\/","url":"https:\/\/goldenesrosenkreuz.ch\/fr\/event\/seminaire-3-decouvrez-les-secrets-de-la-sagesse-eternelle\/","name":"Module 3 : D\u00e9couvrez les Secrets de la Sagesse \u00c9ternelle - Goldenes Rosenkreuz","isPartOf":{"@id":"https:\/\/goldenesrosenkreuz.ch\/fr\/#website"},"primaryImageOfPage":{"@id":"https:\/\/goldenesrosenkreuz.ch\/fr\/event\/seminaire-3-decouvrez-les-secrets-de-la-sagesse-eternelle\/#primaryimage"},"image":{"@id":"https:\/\/goldenesrosenkreuz.ch\/fr\/event\/seminaire-3-decouvrez-les-secrets-de-la-sagesse-eternelle\/#primaryimage"},"thumbnailUrl":"https:\/\/goldenesrosenkreuz.ch\/wp-content\/uploads\/2025\/01\/Decouvrez-les-Secrets-de-la-Sagesse-Eternelle-2-1.jpg","datePublished":"2026-01-29T09:40:12+00:00","description":"D\u00e9couvrez votre lien avec l\u2019univers et les forces qui vous influencent. Un s\u00e9minaire pour \u00e9largir votre vision.","breadcrumb":{"@id":"https:\/\/goldenesrosenkreuz.ch\/fr\/event\/seminaire-3-decouvrez-les-secrets-de-la-sagesse-eternelle\/#breadcrumb"},"inLanguage":"fr-FR","potentialAction":[{"@type":"ReadAction","target":["https:\/\/goldenesrosenkreuz.ch\/fr\/event\/seminaire-3-decouvrez-les-secrets-de-la-sagesse-eternelle\/"]}]},{"@type":"ImageObject","inLanguage":"fr-FR","@id":"https:\/\/goldenesrosenkreuz.ch\/fr\/event\/seminaire-3-decouvrez-les-secrets-de-la-sagesse-eternelle\/#primaryimage","url":"https:\/\/goldenesrosenkreuz.ch\/wp-content\/uploads\/2025\/01\/Decouvrez-les-Secrets-de-la-Sagesse-Eternelle-2-1.jpg","contentUrl":"https:\/\/goldenesrosenkreuz.ch\/wp-content\/uploads\/2025\/01\/Decouvrez-les-Secrets-de-la-Sagesse-Eternelle-2-1.jpg","width":1920,"height":1080},{"@type":"BreadcrumbList","@id":"https:\/\/goldenesrosenkreuz.ch\/fr\/event\/seminaire-3-decouvrez-les-secrets-de-la-sagesse-eternelle\/#breadcrumb","itemListElement":[{"@type":"ListItem","position":1,"name":"Startseite","item":"https:\/\/goldenesrosenkreuz.ch\/fr\/"},{"@type":"ListItem","position":2,"name":"\u00c9v\u00e8nements","item":"https:\/\/goldenesrosenkreuz.ch\/fr\/events\/"},{"@type":"ListItem","position":3,"name":"Module 3 : D\u00e9couvrez les Secrets de la Sagesse \u00c9ternelle"}]},{"@type":"WebSite","@id":"https:\/\/goldenesrosenkreuz.ch\/fr\/#website","url":"https:\/\/goldenesrosenkreuz.ch\/fr\/","name":"Goldenes Rosenkreuz","description":"Gnosis heute","publisher":{"@id":"https:\/\/goldenesrosenkreuz.ch\/fr\/#organization"},"potentialAction":[{"@type":"SearchAction","target":{"@type":"EntryPoint","urlTemplate":"https:\/\/goldenesrosenkreuz.ch\/fr\/?s={search_term_string}"},"query-input":{"@type":"PropertyValueSpecification","valueRequired":true,"valueName":"search_term_string"}}],"inLanguage":"fr-FR"},{"@type":"Organization","@id":"https:\/\/goldenesrosenkreuz.ch\/fr\/#organization","name":"Goldenes Rosenkreuz Schweiz","url":"https:\/\/goldenesrosenkreuz.ch\/fr\/","logo":{"@type":"ImageObject","inLanguage":"fr-FR","@id":"https:\/\/goldenesrosenkreuz.ch\/fr\/#\/schema\/logo\/image\/","url":"https:\/\/goldenesrosenkreuz.ch\/wp-content\/uploads\/2022\/12\/favicon-196x196-3.png","contentUrl":"https:\/\/goldenesrosenkreuz.ch\/wp-content\/uploads\/2022\/12\/favicon-196x196-3.png","width":196,"height":196,"caption":"Goldenes Rosenkreuz Schweiz"},"image":{"@id":"https:\/\/goldenesrosenkreuz.ch\/fr\/#\/schema\/logo\/image\/"}}]}},"_links":{"self":[{"href":"https:\/\/goldenesrosenkreuz.ch\/fr\/wp-json\/wp\/v2\/tribe_events\/4177","targetHints":{"allow":["GET"]}}],"collection":[{"href":"https:\/\/goldenesrosenkreuz.ch\/fr\/wp-json\/wp\/v2\/tribe_events"}],"about":[{"href":"https:\/\/goldenesrosenkreuz.ch\/fr\/wp-json\/wp\/v2\/types\/tribe_events"}],"author":[{"embeddable":true,"href":"https:\/\/goldenesrosenkreuz.ch\/fr\/wp-json\/wp\/v2\/users\/5"}],"version-history":[{"count":1,"href":"https:\/\/goldenesrosenkreuz.ch\/fr\/wp-json\/wp\/v2\/tribe_events\/4177\/revisions"}],"predecessor-version":[{"id":4593,"href":"https:\/\/goldenesrosenkreuz.ch\/fr\/wp-json\/wp\/v2\/tribe_events\/4177\/revisions\/4593"}],"wp:featuredmedia":[{"embeddable":true,"href":"https:\/\/goldenesrosenkreuz.ch\/fr\/wp-json\/wp\/v2\/media\/4112"}],"wp:attachment":[{"href":"https:\/\/goldenesrosenkreuz.ch\/fr\/wp-json\/wp\/v2\/media?parent=4177"}],"wp:term":[{"taxonomy":"post_tag","embeddable":true,"href":"https:\/\/goldenesrosenkreuz.ch\/fr\/wp-json\/wp\/v2\/tags?post=4177"},{"taxonomy":"tribe_events_cat","embeddable":true,"href":"https:\/\/goldenesrosenkreuz.ch\/fr\/wp-json\/wp\/v2\/tribe_events_cat?post=4177"}],"curies":[{"name":"wp","href":"https:\/\/api.w.org\/{rel}","templated":true}]}}