{"id":4286,"date":"2025-05-04T08:43:44","date_gmt":"2025-05-04T07:43:44","guid":{"rendered":"https:\/\/goldenesrosenkreuz.ch\/?post_type=tribe_events&#038;p=4286"},"modified":"2025-06-06T08:28:54","modified_gmt":"2025-06-06T07:28:54","slug":"synthese-et-perspectives-de-la-science-spirituelle","status":"publish","type":"tribe_events","link":"https:\/\/goldenesrosenkreuz.ch\/fr\/event\/synthese-et-perspectives-de-la-science-spirituelle\/","title":{"rendered":"Synth\u00e8se et Perspectives de La science spirituelle"},"content":{"rendered":"<p>Et si tout ce que vous pensiez savoir sur la r\u00e9alit\u00e9 n&rsquo;\u00e9tait qu&rsquo;un fragment d&rsquo;une v\u00e9rit\u00e9 bien plus vaste ? \ud83d\udd39<br \/>\nDepuis toujours, l&rsquo;humanit\u00e9 cherche \u00e0 comprendre les myst\u00e8res de l&rsquo;univers, du corps et de l&rsquo;esprit. Les d\u00e9couvertes scientifiques r\u00e9centes \u00e9branlent nos certitudes et rejoignent d\u2019anciennes sagesses qui, depuis des mill\u00e9naires, enseignent une vision plus profonde du monde. Mais comment relier ces connaissances ? Comment les int\u00e9grer pour transformer notre perception et notre fa\u00e7on de vivre ?<br \/>\nLors de ce s\u00e9minaire, nous explorerons des th\u00e8mes essentiels qui pourraient bien remettre en question votre regard sur l\u2019existence :<br \/>\n\u2728 L\u2019\u00e9quilibre et le d\u00e9s\u00e9quilibre, moteurs cach\u00e9s de toute \u00e9volution<br \/>\n\u2728 Le corps humain, non plus comme une simple enveloppe physique, mais comme une dynamique de lumi\u00e8re et d\u2019\u00e9nergie<br \/>\n\u2728 Une nouvelle compr\u00e9hension de l\u2019univers, o\u00f9 la mati\u00e8re et l\u2019esprit se rejoignent<br \/>\n\u2728 Les savoirs anciens et les d\u00e9couvertes modernes, r\u00e9v\u00e9lant des connexions insoup\u00e7onn\u00e9es<br \/>\n\u2728 Une responsabilit\u00e9 immense, face \u00e0 la puissance de ces connaissances et \u00e0 leur impact sur notre \u00e9volution personnelle<br \/>\nSans tout d\u00e9voiler, ce s\u00e9minaire vous invite \u00e0 \u00e9largir vos perspectives, \u00e0 questionner ce qui semblait immuable et \u00e0 entrevoir des v\u00e9rit\u00e9s que peu osent explorer.<br \/>\n\u00cates-vous pr\u00eat \u00e0 plonger au c\u0153ur de ces enseignements et \u00e0 ouvrir la porte \u00e0 une nouvelle compr\u00e9hension du monde et de vous-m\u00eame ? \ud83d\ude80<br \/>\nRejoignez-nous pour une exp\u00e9rience qui pourrait bien transformer votre perception du r\u00e9el !<\/p>\n<p>&nbsp;<\/p>\n<h3><strong>Informations pratiques :<\/strong><\/h3>\n<p>L\u2019\u00e9v\u00e9nement sera pr\u00e9c\u00e9d\u00e9 d\u2019un ap\u00e9ro dinatoire, ouvert \u00e0 tous, dans une atmosph\u00e8re conviviale propice aux \u00e9changes.<\/p>\n<p>\ud83d\udca1 Quelques informations pratiques pour votre venue :<br \/>\n\ud83d\udccd Lieu : Centre L\u00e9manique, Route de Montheron 8C, Cugy<\/p>\n<p>\ud83d\udcde T\u00e9l : 079 925 05 06<br \/>\n\ud83d\udd62 Horaire : mardi 18 juin \u00e0 20h00 (\u26a0\ufe0f attention : nouvel horaire)<br \/>\n\ud83d\ude8d Acc\u00e8s en transports : Bus 60 (direction Froideville), arr\u00eat Le Moulin apr\u00e8s Cugy Village. Une navette peut venir vous chercher si vous nous pr\u00e9venez de votre arriv\u00e9e en bus.<br \/>\n\ud83d\ude97 Parking : Disponible \u00e0 proximit\u00e9. L\u2019entr\u00e9e 8C se trouve derri\u00e8re le b\u00e2timent.<\/p>\n","protected":false},"excerpt":{"rendered":"<p>Et si tout ce que vous pensiez savoir sur la r\u00e9alit\u00e9 n&rsquo;\u00e9tait qu&rsquo;un fragment d&rsquo;une v\u00e9rit\u00e9 bien plus vaste ? \ud83d\udd39 Depuis toujours, l&rsquo;humanit\u00e9 cherche \u00e0 comprendre les myst\u00e8res de l&rsquo;univers, du corps et de l&rsquo;esprit. Les d\u00e9couvertes scientifiques r\u00e9centes \u00e9branlent nos certitudes et rejoignent d\u2019anciennes sagesses qui, depuis des mill\u00e9naires, enseignent une vision plus profonde du monde. Mais comment relier ces connaissances ? Comment les int\u00e9grer pour transformer notre perception et notre fa\u00e7on de vivre ? Lors de ce s\u00e9minaire, nous explorerons des th\u00e8mes essentiels qui pourraient bien remettre en question votre regard sur l\u2019existence : \u2728 L\u2019\u00e9quilibre et<\/p>\n","protected":false},"author":5,"featured_media":4288,"template":"","meta":{"_tribe_events_status":"","_tribe_events_status_reason":"","footnotes":""},"tags":[],"tribe_events_cat":[111,72],"class_list":["post-4286","tribe_events","type-tribe_events","status-publish","has-post-thumbnail","hentry","tribe_events_cat-centre-de-lausanne","tribe_events_cat-einfuehrung-fr","cat_centre-de-lausanne","cat_einfuehrung-fr"],"yoast_head":"<!-- This site is optimized with the Yoast SEO plugin v27.0 - https:\/\/yoast.com\/product\/yoast-seo-wordpress\/ -->\n<title>Synth\u00e8se et Perspectives de La science spirituelle - Rose croix d&#039;or<\/title>\n<meta name=\"description\" content=\"Rose-Croix d\u2019Or \u2013 \u00c0 Lausanne : Plongez dans la synth\u00e8se vivante de la science spirituelle et ouvrez de nouvelles perspectives int\u00e9rieures.\" \/>\n<meta name=\"robots\" content=\"index, follow, max-snippet:-1, max-image-preview:large, max-video-preview:-1\" \/>\n<link rel=\"canonical\" href=\"https:\/\/goldenesrosenkreuz.ch\/fr\/event\/synthese-et-perspectives-de-la-science-spirituelle\/\" \/>\n<meta property=\"og:locale\" content=\"fr_FR\" \/>\n<meta property=\"og:type\" content=\"article\" \/>\n<meta property=\"og:title\" content=\"Synth\u00e8se et Perspectives de La science spirituelle - Rose croix d&#039;or\" \/>\n<meta property=\"og:description\" content=\"Rose-Croix d\u2019Or \u2013 \u00c0 Lausanne : Plongez dans la synth\u00e8se vivante de la science spirituelle et ouvrez de nouvelles perspectives int\u00e9rieures.\" \/>\n<meta property=\"og:url\" content=\"https:\/\/goldenesrosenkreuz.ch\/fr\/event\/synthese-et-perspectives-de-la-science-spirituelle\/\" \/>\n<meta property=\"og:site_name\" content=\"Goldenes Rosenkreuz\" \/>\n<meta property=\"article:modified_time\" content=\"2025-06-06T07:28:54+00:00\" \/>\n<meta property=\"og:image\" content=\"https:\/\/goldenesrosenkreuz.ch\/wp-content\/uploads\/2025\/05\/Synthese-et-Perspectives-de-La-science-spirituelle-Evenement-centre-de-Lausanne.jpg\" \/>\n\t<meta property=\"og:image:width\" content=\"1920\" \/>\n\t<meta property=\"og:image:height\" content=\"1080\" \/>\n\t<meta property=\"og:image:type\" content=\"image\/jpeg\" \/>\n<meta name=\"twitter:card\" content=\"summary_large_image\" \/>\n<meta name=\"twitter:label1\" content=\"Dur\u00e9e de lecture estim\u00e9e\" \/>\n\t<meta name=\"twitter:data1\" content=\"2 minutes\" \/>\n<script type=\"application\/ld+json\" class=\"yoast-schema-graph\">{\"@context\":\"https:\/\/schema.org\",\"@graph\":[{\"@type\":\"WebPage\",\"@id\":\"https:\/\/goldenesrosenkreuz.ch\/fr\/event\/synthese-et-perspectives-de-la-science-spirituelle\/\",\"url\":\"https:\/\/goldenesrosenkreuz.ch\/fr\/event\/synthese-et-perspectives-de-la-science-spirituelle\/\",\"name\":\"Synth\u00e8se et Perspectives de La science spirituelle - Rose croix d'or\",\"isPartOf\":{\"@id\":\"https:\/\/goldenesrosenkreuz.ch\/fr\/#website\"},\"primaryImageOfPage\":{\"@id\":\"https:\/\/goldenesrosenkreuz.ch\/fr\/event\/synthese-et-perspectives-de-la-science-spirituelle\/#primaryimage\"},\"image\":{\"@id\":\"https:\/\/goldenesrosenkreuz.ch\/fr\/event\/synthese-et-perspectives-de-la-science-spirituelle\/#primaryimage\"},\"thumbnailUrl\":\"https:\/\/goldenesrosenkreuz.ch\/wp-content\/uploads\/2025\/05\/Synthese-et-Perspectives-de-La-science-spirituelle-Evenement-centre-de-Lausanne.jpg\",\"datePublished\":\"2025-05-04T07:43:44+00:00\",\"dateModified\":\"2025-06-06T07:28:54+00:00\",\"description\":\"Rose-Croix d\u2019Or \u2013 \u00c0 Lausanne : Plongez dans la synth\u00e8se vivante de la science spirituelle et ouvrez de nouvelles perspectives int\u00e9rieures.\",\"breadcrumb\":{\"@id\":\"https:\/\/goldenesrosenkreuz.ch\/fr\/event\/synthese-et-perspectives-de-la-science-spirituelle\/#breadcrumb\"},\"inLanguage\":\"fr-FR\",\"potentialAction\":[{\"@type\":\"ReadAction\",\"target\":[\"https:\/\/goldenesrosenkreuz.ch\/fr\/event\/synthese-et-perspectives-de-la-science-spirituelle\/\"]}]},{\"@type\":\"ImageObject\",\"inLanguage\":\"fr-FR\",\"@id\":\"https:\/\/goldenesrosenkreuz.ch\/fr\/event\/synthese-et-perspectives-de-la-science-spirituelle\/#primaryimage\",\"url\":\"https:\/\/goldenesrosenkreuz.ch\/wp-content\/uploads\/2025\/05\/Synthese-et-Perspectives-de-La-science-spirituelle-Evenement-centre-de-Lausanne.jpg\",\"contentUrl\":\"https:\/\/goldenesrosenkreuz.ch\/wp-content\/uploads\/2025\/05\/Synthese-et-Perspectives-de-La-science-spirituelle-Evenement-centre-de-Lausanne.jpg\",\"width\":1920,\"height\":1080,\"caption\":\"Synthe\u0300se et Perspectives de La science spirituelle - Evenement centre de Lausanne\"},{\"@type\":\"BreadcrumbList\",\"@id\":\"https:\/\/goldenesrosenkreuz.ch\/fr\/event\/synthese-et-perspectives-de-la-science-spirituelle\/#breadcrumb\",\"itemListElement\":[{\"@type\":\"ListItem\",\"position\":1,\"name\":\"Startseite\",\"item\":\"https:\/\/goldenesrosenkreuz.ch\/fr\/\"},{\"@type\":\"ListItem\",\"position\":2,\"name\":\"\u00c9v\u00e8nements\",\"item\":\"https:\/\/goldenesrosenkreuz.ch\/fr\/events\/\"},{\"@type\":\"ListItem\",\"position\":3,\"name\":\"Synth\u00e8se et Perspectives de La science spirituelle\"}]},{\"@type\":\"WebSite\",\"@id\":\"https:\/\/goldenesrosenkreuz.ch\/fr\/#website\",\"url\":\"https:\/\/goldenesrosenkreuz.ch\/fr\/\",\"name\":\"Goldenes Rosenkreuz\",\"description\":\"Gnosis heute\",\"publisher\":{\"@id\":\"https:\/\/goldenesrosenkreuz.ch\/fr\/#organization\"},\"potentialAction\":[{\"@type\":\"SearchAction\",\"target\":{\"@type\":\"EntryPoint\",\"urlTemplate\":\"https:\/\/goldenesrosenkreuz.ch\/fr\/?s={search_term_string}\"},\"query-input\":{\"@type\":\"PropertyValueSpecification\",\"valueRequired\":true,\"valueName\":\"search_term_string\"}}],\"inLanguage\":\"fr-FR\"},{\"@type\":\"Organization\",\"@id\":\"https:\/\/goldenesrosenkreuz.ch\/fr\/#organization\",\"name\":\"Goldenes Rosenkreuz Schweiz\",\"url\":\"https:\/\/goldenesrosenkreuz.ch\/fr\/\",\"logo\":{\"@type\":\"ImageObject\",\"inLanguage\":\"fr-FR\",\"@id\":\"https:\/\/goldenesrosenkreuz.ch\/fr\/#\/schema\/logo\/image\/\",\"url\":\"https:\/\/goldenesrosenkreuz.ch\/wp-content\/uploads\/2022\/12\/favicon-196x196-3.png\",\"contentUrl\":\"https:\/\/goldenesrosenkreuz.ch\/wp-content\/uploads\/2022\/12\/favicon-196x196-3.png\",\"width\":196,\"height\":196,\"caption\":\"Goldenes Rosenkreuz Schweiz\"},\"image\":{\"@id\":\"https:\/\/goldenesrosenkreuz.ch\/fr\/#\/schema\/logo\/image\/\"}}]}<\/script>\n<!-- \/ Yoast SEO plugin. -->","yoast_head_json":{"title":"Synth\u00e8se et Perspectives de La science spirituelle - Rose croix d'or","description":"Rose-Croix d\u2019Or \u2013 \u00c0 Lausanne : Plongez dans la synth\u00e8se vivante de la science spirituelle et ouvrez de nouvelles perspectives int\u00e9rieures.","robots":{"index":"index","follow":"follow","max-snippet":"max-snippet:-1","max-image-preview":"max-image-preview:large","max-video-preview":"max-video-preview:-1"},"canonical":"https:\/\/goldenesrosenkreuz.ch\/fr\/event\/synthese-et-perspectives-de-la-science-spirituelle\/","og_locale":"fr_FR","og_type":"article","og_title":"Synth\u00e8se et Perspectives de La science spirituelle - Rose croix d'or","og_description":"Rose-Croix d\u2019Or \u2013 \u00c0 Lausanne : Plongez dans la synth\u00e8se vivante de la science spirituelle et ouvrez de nouvelles perspectives int\u00e9rieures.","og_url":"https:\/\/goldenesrosenkreuz.ch\/fr\/event\/synthese-et-perspectives-de-la-science-spirituelle\/","og_site_name":"Goldenes Rosenkreuz","article_modified_time":"2025-06-06T07:28:54+00:00","og_image":[{"width":1920,"height":1080,"url":"https:\/\/goldenesrosenkreuz.ch\/wp-content\/uploads\/2025\/05\/Synthese-et-Perspectives-de-La-science-spirituelle-Evenement-centre-de-Lausanne.jpg","type":"image\/jpeg"}],"twitter_card":"summary_large_image","twitter_misc":{"Dur\u00e9e de lecture estim\u00e9e":"2 minutes"},"schema":{"@context":"https:\/\/schema.org","@graph":[{"@type":"WebPage","@id":"https:\/\/goldenesrosenkreuz.ch\/fr\/event\/synthese-et-perspectives-de-la-science-spirituelle\/","url":"https:\/\/goldenesrosenkreuz.ch\/fr\/event\/synthese-et-perspectives-de-la-science-spirituelle\/","name":"Synth\u00e8se et Perspectives de La science spirituelle - Rose croix d'or","isPartOf":{"@id":"https:\/\/goldenesrosenkreuz.ch\/fr\/#website"},"primaryImageOfPage":{"@id":"https:\/\/goldenesrosenkreuz.ch\/fr\/event\/synthese-et-perspectives-de-la-science-spirituelle\/#primaryimage"},"image":{"@id":"https:\/\/goldenesrosenkreuz.ch\/fr\/event\/synthese-et-perspectives-de-la-science-spirituelle\/#primaryimage"},"thumbnailUrl":"https:\/\/goldenesrosenkreuz.ch\/wp-content\/uploads\/2025\/05\/Synthese-et-Perspectives-de-La-science-spirituelle-Evenement-centre-de-Lausanne.jpg","datePublished":"2025-05-04T07:43:44+00:00","dateModified":"2025-06-06T07:28:54+00:00","description":"Rose-Croix d\u2019Or \u2013 \u00c0 Lausanne : Plongez dans la synth\u00e8se vivante de la science spirituelle et ouvrez de nouvelles perspectives int\u00e9rieures.","breadcrumb":{"@id":"https:\/\/goldenesrosenkreuz.ch\/fr\/event\/synthese-et-perspectives-de-la-science-spirituelle\/#breadcrumb"},"inLanguage":"fr-FR","potentialAction":[{"@type":"ReadAction","target":["https:\/\/goldenesrosenkreuz.ch\/fr\/event\/synthese-et-perspectives-de-la-science-spirituelle\/"]}]},{"@type":"ImageObject","inLanguage":"fr-FR","@id":"https:\/\/goldenesrosenkreuz.ch\/fr\/event\/synthese-et-perspectives-de-la-science-spirituelle\/#primaryimage","url":"https:\/\/goldenesrosenkreuz.ch\/wp-content\/uploads\/2025\/05\/Synthese-et-Perspectives-de-La-science-spirituelle-Evenement-centre-de-Lausanne.jpg","contentUrl":"https:\/\/goldenesrosenkreuz.ch\/wp-content\/uploads\/2025\/05\/Synthese-et-Perspectives-de-La-science-spirituelle-Evenement-centre-de-Lausanne.jpg","width":1920,"height":1080,"caption":"Synthe\u0300se et Perspectives de La science spirituelle - Evenement centre de Lausanne"},{"@type":"BreadcrumbList","@id":"https:\/\/goldenesrosenkreuz.ch\/fr\/event\/synthese-et-perspectives-de-la-science-spirituelle\/#breadcrumb","itemListElement":[{"@type":"ListItem","position":1,"name":"Startseite","item":"https:\/\/goldenesrosenkreuz.ch\/fr\/"},{"@type":"ListItem","position":2,"name":"\u00c9v\u00e8nements","item":"https:\/\/goldenesrosenkreuz.ch\/fr\/events\/"},{"@type":"ListItem","position":3,"name":"Synth\u00e8se et Perspectives de La science spirituelle"}]},{"@type":"WebSite","@id":"https:\/\/goldenesrosenkreuz.ch\/fr\/#website","url":"https:\/\/goldenesrosenkreuz.ch\/fr\/","name":"Goldenes Rosenkreuz","description":"Gnosis heute","publisher":{"@id":"https:\/\/goldenesrosenkreuz.ch\/fr\/#organization"},"potentialAction":[{"@type":"SearchAction","target":{"@type":"EntryPoint","urlTemplate":"https:\/\/goldenesrosenkreuz.ch\/fr\/?s={search_term_string}"},"query-input":{"@type":"PropertyValueSpecification","valueRequired":true,"valueName":"search_term_string"}}],"inLanguage":"fr-FR"},{"@type":"Organization","@id":"https:\/\/goldenesrosenkreuz.ch\/fr\/#organization","name":"Goldenes Rosenkreuz Schweiz","url":"https:\/\/goldenesrosenkreuz.ch\/fr\/","logo":{"@type":"ImageObject","inLanguage":"fr-FR","@id":"https:\/\/goldenesrosenkreuz.ch\/fr\/#\/schema\/logo\/image\/","url":"https:\/\/goldenesrosenkreuz.ch\/wp-content\/uploads\/2022\/12\/favicon-196x196-3.png","contentUrl":"https:\/\/goldenesrosenkreuz.ch\/wp-content\/uploads\/2022\/12\/favicon-196x196-3.png","width":196,"height":196,"caption":"Goldenes Rosenkreuz Schweiz"},"image":{"@id":"https:\/\/goldenesrosenkreuz.ch\/fr\/#\/schema\/logo\/image\/"}}]}},"_links":{"self":[{"href":"https:\/\/goldenesrosenkreuz.ch\/fr\/wp-json\/wp\/v2\/tribe_events\/4286","targetHints":{"allow":["GET"]}}],"collection":[{"href":"https:\/\/goldenesrosenkreuz.ch\/fr\/wp-json\/wp\/v2\/tribe_events"}],"about":[{"href":"https:\/\/goldenesrosenkreuz.ch\/fr\/wp-json\/wp\/v2\/types\/tribe_events"}],"author":[{"embeddable":true,"href":"https:\/\/goldenesrosenkreuz.ch\/fr\/wp-json\/wp\/v2\/users\/5"}],"version-history":[{"count":0,"href":"https:\/\/goldenesrosenkreuz.ch\/fr\/wp-json\/wp\/v2\/tribe_events\/4286\/revisions"}],"wp:featuredmedia":[{"embeddable":true,"href":"https:\/\/goldenesrosenkreuz.ch\/fr\/wp-json\/wp\/v2\/media\/4288"}],"wp:attachment":[{"href":"https:\/\/goldenesrosenkreuz.ch\/fr\/wp-json\/wp\/v2\/media?parent=4286"}],"wp:term":[{"taxonomy":"post_tag","embeddable":true,"href":"https:\/\/goldenesrosenkreuz.ch\/fr\/wp-json\/wp\/v2\/tags?post=4286"},{"taxonomy":"tribe_events_cat","embeddable":true,"href":"https:\/\/goldenesrosenkreuz.ch\/fr\/wp-json\/wp\/v2\/tribe_events_cat?post=4286"}],"curies":[{"name":"wp","href":"https:\/\/api.w.org\/{rel}","templated":true}]}}