{"id":4483,"date":"2025-10-23T10:02:24","date_gmt":"2025-10-23T09:02:24","guid":{"rendered":"https:\/\/goldenesrosenkreuz.ch\/?post_type=tribe_events&#038;p=4483"},"modified":"2025-10-23T10:02:24","modified_gmt":"2025-10-23T09:02:24","slug":"de-la-foi-a-la-vraie-connaissance-centre-de-sion","status":"publish","type":"tribe_events","link":"https:\/\/goldenesrosenkreuz.ch\/fr\/event\/de-la-foi-a-la-vraie-connaissance-centre-de-sion\/","title":{"rendered":"De la foi \u00e0 la vraie connaissance &#8211; Centre de Sion"},"content":{"rendered":"<p>Qu\u2019est-ce que la foi\u00a0?<\/p>\n<p>La foi est une clart\u00e9 int\u00e9rieure selon laquelle l\u2019homme est destin\u00e9 \u00e0 une vie bien diff\u00e9rente de celle qu\u2019il vit actuellement. La foi, c\u2019est aussi le courage de s\u2019engager sur un tel chemin spirituel\u00a8\u00a0!<\/p>\n<p>Lorsqu&rsquo;on essaie d\u2019expliquer des aspects de la r\u00e9alit\u00e9 qui ne sont pas v\u00e9rifiables \u00e0 l&rsquo;\u0153il nu et que l&rsquo;on en demande la preuve, nous devrions avoir un esprit curieux, afin de percevoir une nouvelle compr\u00e9hension int\u00e9rieure. Pour entrer dans ce processus de transformation, nous avons la possibilit\u00e9 de l&rsquo;accepter, sur la base de ce qui a \u00e9t\u00e9 per\u00e7u par nous-m\u00eame\u00a0\u00bb, ce qui peut faire grandir notre foi.<\/p>\n<p>D\u00e9sirez-vous approfondir ce sujet\u00a0?<\/p>\n<p>Vous \u00eates cordialement invit\u00e9s \u00e0 \u00e9changer ensemble par la foi qui nous anime, le <strong>mardi 4 novembre \u00e0 20h au centre de Sion<\/strong>.<\/p>\n","protected":false},"excerpt":{"rendered":"<p>Qu\u2019est-ce que la foi\u00a0? La foi est une clart\u00e9 int\u00e9rieure selon laquelle l\u2019homme est destin\u00e9 \u00e0 une vie bien diff\u00e9rente de celle qu\u2019il vit actuellement. La foi, c\u2019est aussi le courage de s\u2019engager sur un tel chemin spirituel\u00a8\u00a0! Lorsqu&rsquo;on essaie d\u2019expliquer des aspects de la r\u00e9alit\u00e9 qui ne sont pas v\u00e9rifiables \u00e0 l&rsquo;\u0153il nu et que l&rsquo;on en demande la preuve, nous devrions avoir un esprit curieux, afin de percevoir une nouvelle compr\u00e9hension int\u00e9rieure. Pour entrer dans ce processus de transformation, nous avons la possibilit\u00e9 de l&rsquo;accepter, sur la base de ce qui a \u00e9t\u00e9 per\u00e7u par nous-m\u00eame\u00a0\u00bb, ce qui<\/p>\n","protected":false},"author":5,"featured_media":4484,"template":"","meta":{"_tribe_events_status":"","_tribe_events_status_reason":"","footnotes":""},"tags":[],"tribe_events_cat":[104,76],"class_list":["post-4483","tribe_events","type-tribe_events","status-publish","has-post-thumbnail","hentry","tribe_events_cat-centre-de-sion","tribe_events_cat-conferences-publiques","cat_centre-de-sion","cat_conferences-publiques"],"yoast_head":"<!-- This site is optimized with the Yoast SEO plugin v27.0 - https:\/\/yoast.com\/product\/yoast-seo-wordpress\/ -->\n<title>De la foi \u00e0 la vraie connaissance - Centre de Sion - Rose croix d&#039;Or<\/title>\n<meta name=\"description\" content=\"D\u00e9couvrez la foi comme une lumi\u00e8re int\u00e9rieure et un chemin de transformation spirituelle. Rencontre \u00e0 Sion le 4 novembre \u00e0 20h.\" \/>\n<meta name=\"robots\" content=\"index, follow, max-snippet:-1, max-image-preview:large, max-video-preview:-1\" \/>\n<link rel=\"canonical\" href=\"https:\/\/goldenesrosenkreuz.ch\/fr\/event\/de-la-foi-a-la-vraie-connaissance-centre-de-sion\/\" \/>\n<meta property=\"og:locale\" content=\"fr_FR\" \/>\n<meta property=\"og:type\" content=\"article\" \/>\n<meta property=\"og:title\" content=\"De la foi \u00e0 la vraie connaissance - Centre de Sion - Rose croix d&#039;Or\" \/>\n<meta property=\"og:description\" content=\"D\u00e9couvrez la foi comme une lumi\u00e8re int\u00e9rieure et un chemin de transformation spirituelle. Rencontre \u00e0 Sion le 4 novembre \u00e0 20h.\" \/>\n<meta property=\"og:url\" content=\"https:\/\/goldenesrosenkreuz.ch\/fr\/event\/de-la-foi-a-la-vraie-connaissance-centre-de-sion\/\" \/>\n<meta property=\"og:site_name\" content=\"Goldenes Rosenkreuz\" \/>\n<meta property=\"og:image\" content=\"https:\/\/goldenesrosenkreuz.ch\/wp-content\/uploads\/2025\/10\/Sion-De-La-foi-a-la-vraie-connaissance.png\" \/>\n\t<meta property=\"og:image:width\" content=\"1016\" \/>\n\t<meta property=\"og:image:height\" content=\"678\" \/>\n\t<meta property=\"og:image:type\" content=\"image\/png\" \/>\n<meta name=\"twitter:card\" content=\"summary_large_image\" \/>\n<meta name=\"twitter:label1\" content=\"Dur\u00e9e de lecture estim\u00e9e\" \/>\n\t<meta name=\"twitter:data1\" content=\"1 minute\" \/>\n<script type=\"application\/ld+json\" class=\"yoast-schema-graph\">{\"@context\":\"https:\/\/schema.org\",\"@graph\":[{\"@type\":\"WebPage\",\"@id\":\"https:\/\/goldenesrosenkreuz.ch\/fr\/event\/de-la-foi-a-la-vraie-connaissance-centre-de-sion\/\",\"url\":\"https:\/\/goldenesrosenkreuz.ch\/fr\/event\/de-la-foi-a-la-vraie-connaissance-centre-de-sion\/\",\"name\":\"De la foi \u00e0 la vraie connaissance - Centre de Sion - Rose croix d'Or\",\"isPartOf\":{\"@id\":\"https:\/\/goldenesrosenkreuz.ch\/fr\/#website\"},\"primaryImageOfPage\":{\"@id\":\"https:\/\/goldenesrosenkreuz.ch\/fr\/event\/de-la-foi-a-la-vraie-connaissance-centre-de-sion\/#primaryimage\"},\"image\":{\"@id\":\"https:\/\/goldenesrosenkreuz.ch\/fr\/event\/de-la-foi-a-la-vraie-connaissance-centre-de-sion\/#primaryimage\"},\"thumbnailUrl\":\"https:\/\/goldenesrosenkreuz.ch\/wp-content\/uploads\/2025\/10\/Sion-De-La-foi-a-la-vraie-connaissance.png\",\"datePublished\":\"2025-10-23T09:02:24+00:00\",\"description\":\"D\u00e9couvrez la foi comme une lumi\u00e8re int\u00e9rieure et un chemin de transformation spirituelle. Rencontre \u00e0 Sion le 4 novembre \u00e0 20h.\",\"breadcrumb\":{\"@id\":\"https:\/\/goldenesrosenkreuz.ch\/fr\/event\/de-la-foi-a-la-vraie-connaissance-centre-de-sion\/#breadcrumb\"},\"inLanguage\":\"fr-FR\",\"potentialAction\":[{\"@type\":\"ReadAction\",\"target\":[\"https:\/\/goldenesrosenkreuz.ch\/fr\/event\/de-la-foi-a-la-vraie-connaissance-centre-de-sion\/\"]}]},{\"@type\":\"ImageObject\",\"inLanguage\":\"fr-FR\",\"@id\":\"https:\/\/goldenesrosenkreuz.ch\/fr\/event\/de-la-foi-a-la-vraie-connaissance-centre-de-sion\/#primaryimage\",\"url\":\"https:\/\/goldenesrosenkreuz.ch\/wp-content\/uploads\/2025\/10\/Sion-De-La-foi-a-la-vraie-connaissance.png\",\"contentUrl\":\"https:\/\/goldenesrosenkreuz.ch\/wp-content\/uploads\/2025\/10\/Sion-De-La-foi-a-la-vraie-connaissance.png\",\"width\":1016,\"height\":678,\"caption\":\"Sion - De La foi a\u0300 la vraie connaissance\"},{\"@type\":\"BreadcrumbList\",\"@id\":\"https:\/\/goldenesrosenkreuz.ch\/fr\/event\/de-la-foi-a-la-vraie-connaissance-centre-de-sion\/#breadcrumb\",\"itemListElement\":[{\"@type\":\"ListItem\",\"position\":1,\"name\":\"Startseite\",\"item\":\"https:\/\/goldenesrosenkreuz.ch\/fr\/\"},{\"@type\":\"ListItem\",\"position\":2,\"name\":\"\u00c9v\u00e8nements\",\"item\":\"https:\/\/goldenesrosenkreuz.ch\/fr\/events\/\"},{\"@type\":\"ListItem\",\"position\":3,\"name\":\"De la foi \u00e0 la vraie connaissance &#8211; Centre de Sion\"}]},{\"@type\":\"WebSite\",\"@id\":\"https:\/\/goldenesrosenkreuz.ch\/fr\/#website\",\"url\":\"https:\/\/goldenesrosenkreuz.ch\/fr\/\",\"name\":\"Goldenes Rosenkreuz\",\"description\":\"Gnosis heute\",\"publisher\":{\"@id\":\"https:\/\/goldenesrosenkreuz.ch\/fr\/#organization\"},\"potentialAction\":[{\"@type\":\"SearchAction\",\"target\":{\"@type\":\"EntryPoint\",\"urlTemplate\":\"https:\/\/goldenesrosenkreuz.ch\/fr\/?s={search_term_string}\"},\"query-input\":{\"@type\":\"PropertyValueSpecification\",\"valueRequired\":true,\"valueName\":\"search_term_string\"}}],\"inLanguage\":\"fr-FR\"},{\"@type\":\"Organization\",\"@id\":\"https:\/\/goldenesrosenkreuz.ch\/fr\/#organization\",\"name\":\"Goldenes Rosenkreuz Schweiz\",\"url\":\"https:\/\/goldenesrosenkreuz.ch\/fr\/\",\"logo\":{\"@type\":\"ImageObject\",\"inLanguage\":\"fr-FR\",\"@id\":\"https:\/\/goldenesrosenkreuz.ch\/fr\/#\/schema\/logo\/image\/\",\"url\":\"https:\/\/goldenesrosenkreuz.ch\/wp-content\/uploads\/2022\/12\/favicon-196x196-3.png\",\"contentUrl\":\"https:\/\/goldenesrosenkreuz.ch\/wp-content\/uploads\/2022\/12\/favicon-196x196-3.png\",\"width\":196,\"height\":196,\"caption\":\"Goldenes Rosenkreuz Schweiz\"},\"image\":{\"@id\":\"https:\/\/goldenesrosenkreuz.ch\/fr\/#\/schema\/logo\/image\/\"}}]}<\/script>\n<!-- \/ Yoast SEO plugin. -->","yoast_head_json":{"title":"De la foi \u00e0 la vraie connaissance - Centre de Sion - Rose croix d'Or","description":"D\u00e9couvrez la foi comme une lumi\u00e8re int\u00e9rieure et un chemin de transformation spirituelle. Rencontre \u00e0 Sion le 4 novembre \u00e0 20h.","robots":{"index":"index","follow":"follow","max-snippet":"max-snippet:-1","max-image-preview":"max-image-preview:large","max-video-preview":"max-video-preview:-1"},"canonical":"https:\/\/goldenesrosenkreuz.ch\/fr\/event\/de-la-foi-a-la-vraie-connaissance-centre-de-sion\/","og_locale":"fr_FR","og_type":"article","og_title":"De la foi \u00e0 la vraie connaissance - Centre de Sion - Rose croix d'Or","og_description":"D\u00e9couvrez la foi comme une lumi\u00e8re int\u00e9rieure et un chemin de transformation spirituelle. Rencontre \u00e0 Sion le 4 novembre \u00e0 20h.","og_url":"https:\/\/goldenesrosenkreuz.ch\/fr\/event\/de-la-foi-a-la-vraie-connaissance-centre-de-sion\/","og_site_name":"Goldenes Rosenkreuz","og_image":[{"width":1016,"height":678,"url":"https:\/\/goldenesrosenkreuz.ch\/wp-content\/uploads\/2025\/10\/Sion-De-La-foi-a-la-vraie-connaissance.png","type":"image\/png"}],"twitter_card":"summary_large_image","twitter_misc":{"Dur\u00e9e de lecture estim\u00e9e":"1 minute"},"schema":{"@context":"https:\/\/schema.org","@graph":[{"@type":"WebPage","@id":"https:\/\/goldenesrosenkreuz.ch\/fr\/event\/de-la-foi-a-la-vraie-connaissance-centre-de-sion\/","url":"https:\/\/goldenesrosenkreuz.ch\/fr\/event\/de-la-foi-a-la-vraie-connaissance-centre-de-sion\/","name":"De la foi \u00e0 la vraie connaissance - Centre de Sion - Rose croix d'Or","isPartOf":{"@id":"https:\/\/goldenesrosenkreuz.ch\/fr\/#website"},"primaryImageOfPage":{"@id":"https:\/\/goldenesrosenkreuz.ch\/fr\/event\/de-la-foi-a-la-vraie-connaissance-centre-de-sion\/#primaryimage"},"image":{"@id":"https:\/\/goldenesrosenkreuz.ch\/fr\/event\/de-la-foi-a-la-vraie-connaissance-centre-de-sion\/#primaryimage"},"thumbnailUrl":"https:\/\/goldenesrosenkreuz.ch\/wp-content\/uploads\/2025\/10\/Sion-De-La-foi-a-la-vraie-connaissance.png","datePublished":"2025-10-23T09:02:24+00:00","description":"D\u00e9couvrez la foi comme une lumi\u00e8re int\u00e9rieure et un chemin de transformation spirituelle. Rencontre \u00e0 Sion le 4 novembre \u00e0 20h.","breadcrumb":{"@id":"https:\/\/goldenesrosenkreuz.ch\/fr\/event\/de-la-foi-a-la-vraie-connaissance-centre-de-sion\/#breadcrumb"},"inLanguage":"fr-FR","potentialAction":[{"@type":"ReadAction","target":["https:\/\/goldenesrosenkreuz.ch\/fr\/event\/de-la-foi-a-la-vraie-connaissance-centre-de-sion\/"]}]},{"@type":"ImageObject","inLanguage":"fr-FR","@id":"https:\/\/goldenesrosenkreuz.ch\/fr\/event\/de-la-foi-a-la-vraie-connaissance-centre-de-sion\/#primaryimage","url":"https:\/\/goldenesrosenkreuz.ch\/wp-content\/uploads\/2025\/10\/Sion-De-La-foi-a-la-vraie-connaissance.png","contentUrl":"https:\/\/goldenesrosenkreuz.ch\/wp-content\/uploads\/2025\/10\/Sion-De-La-foi-a-la-vraie-connaissance.png","width":1016,"height":678,"caption":"Sion - De La foi a\u0300 la vraie connaissance"},{"@type":"BreadcrumbList","@id":"https:\/\/goldenesrosenkreuz.ch\/fr\/event\/de-la-foi-a-la-vraie-connaissance-centre-de-sion\/#breadcrumb","itemListElement":[{"@type":"ListItem","position":1,"name":"Startseite","item":"https:\/\/goldenesrosenkreuz.ch\/fr\/"},{"@type":"ListItem","position":2,"name":"\u00c9v\u00e8nements","item":"https:\/\/goldenesrosenkreuz.ch\/fr\/events\/"},{"@type":"ListItem","position":3,"name":"De la foi \u00e0 la vraie connaissance &#8211; Centre de Sion"}]},{"@type":"WebSite","@id":"https:\/\/goldenesrosenkreuz.ch\/fr\/#website","url":"https:\/\/goldenesrosenkreuz.ch\/fr\/","name":"Goldenes Rosenkreuz","description":"Gnosis heute","publisher":{"@id":"https:\/\/goldenesrosenkreuz.ch\/fr\/#organization"},"potentialAction":[{"@type":"SearchAction","target":{"@type":"EntryPoint","urlTemplate":"https:\/\/goldenesrosenkreuz.ch\/fr\/?s={search_term_string}"},"query-input":{"@type":"PropertyValueSpecification","valueRequired":true,"valueName":"search_term_string"}}],"inLanguage":"fr-FR"},{"@type":"Organization","@id":"https:\/\/goldenesrosenkreuz.ch\/fr\/#organization","name":"Goldenes Rosenkreuz Schweiz","url":"https:\/\/goldenesrosenkreuz.ch\/fr\/","logo":{"@type":"ImageObject","inLanguage":"fr-FR","@id":"https:\/\/goldenesrosenkreuz.ch\/fr\/#\/schema\/logo\/image\/","url":"https:\/\/goldenesrosenkreuz.ch\/wp-content\/uploads\/2022\/12\/favicon-196x196-3.png","contentUrl":"https:\/\/goldenesrosenkreuz.ch\/wp-content\/uploads\/2022\/12\/favicon-196x196-3.png","width":196,"height":196,"caption":"Goldenes Rosenkreuz Schweiz"},"image":{"@id":"https:\/\/goldenesrosenkreuz.ch\/fr\/#\/schema\/logo\/image\/"}}]}},"_links":{"self":[{"href":"https:\/\/goldenesrosenkreuz.ch\/fr\/wp-json\/wp\/v2\/tribe_events\/4483","targetHints":{"allow":["GET"]}}],"collection":[{"href":"https:\/\/goldenesrosenkreuz.ch\/fr\/wp-json\/wp\/v2\/tribe_events"}],"about":[{"href":"https:\/\/goldenesrosenkreuz.ch\/fr\/wp-json\/wp\/v2\/types\/tribe_events"}],"author":[{"embeddable":true,"href":"https:\/\/goldenesrosenkreuz.ch\/fr\/wp-json\/wp\/v2\/users\/5"}],"version-history":[{"count":0,"href":"https:\/\/goldenesrosenkreuz.ch\/fr\/wp-json\/wp\/v2\/tribe_events\/4483\/revisions"}],"wp:featuredmedia":[{"embeddable":true,"href":"https:\/\/goldenesrosenkreuz.ch\/fr\/wp-json\/wp\/v2\/media\/4484"}],"wp:attachment":[{"href":"https:\/\/goldenesrosenkreuz.ch\/fr\/wp-json\/wp\/v2\/media?parent=4483"}],"wp:term":[{"taxonomy":"post_tag","embeddable":true,"href":"https:\/\/goldenesrosenkreuz.ch\/fr\/wp-json\/wp\/v2\/tags?post=4483"},{"taxonomy":"tribe_events_cat","embeddable":true,"href":"https:\/\/goldenesrosenkreuz.ch\/fr\/wp-json\/wp\/v2\/tribe_events_cat?post=4483"}],"curies":[{"name":"wp","href":"https:\/\/api.w.org\/{rel}","templated":true}]}}